{"id":1570,"date":"2021-09-24T10:50:48","date_gmt":"2021-09-24T08:50:48","guid":{"rendered":"https:\/\/famille-rouvinez.ch\/famille\/"},"modified":"2024-02-15T07:47:01","modified_gmt":"2024-02-15T06:47:01","slug":"famille","status":"publish","type":"page","link":"https:\/\/famillerouvinez.com\/de\/famille\/","title":{"rendered":"Familie"},"content":{"rendered":"<p>[et_pb_section fb_built=&#8220;1&#8243; fullwidth=&#8220;on&#8220; _builder_version=&#8220;4.16&#8243; _module_preset=&#8220;default&#8220; custom_padding=&#8220;||||true|false&#8220; global_colors_info=&#8220;{}&#8220;][et_pb_fullwidth_slider show_pagination=&#8220;off&#8220; _builder_version=&#8220;4.22.1&#8243; _module_preset=&#8220;default&#8220; custom_padding=&#8220;20vw||20vw||true|false&#8220; custom_padding_tablet=&#8220;40vw||40vw||true|false&#8220; custom_padding_phone=&#8220;&#8220; custom_padding_last_edited=&#8220;on|phone&#8220; auto=&#8220;on&#8220; hover_enabled=&#8220;0&#8243; global_colors_info=&#8220;{}&#8220; header_2_line_height_last_edited=&#8220;on|phone&#8220; sticky_enabled=&#8220;0&#8243;][et_pb_slide _builder_version=&#8220;4.22.1&#8243; _module_preset=&#8220;default&#8220; header_font=&#8220;helveticaNeueBold|||on|||||&#8220; header_text_align=&#8220;center&#8220; header_font_size=&#8220;50px&#8220; header_letter_spacing=&#8220;20px&#8220; header_line_height=&#8220;1.2em&#8220; background_image=&#8220;https:\/\/famillerouvinez.com\/wp-content\/uploads\/2024\/02\/Famille-Rouvinez-Cevins-1.jpg&#8220; background_enable_image=&#8220;on&#8220; hover_enabled=&#8220;0&#8243; header_font_size_tablet=&#8220;40px&#8220; header_font_size_phone=&#8220;32px&#8220; header_font_size_last_edited=&#8220;on|phone&#8220; header_letter_spacing_tablet=&#8220;15px&#8220; header_letter_spacing_phone=&#8220;11px&#8220; header_letter_spacing_last_edited=&#8220;on|desktop&#8220; global_colors_info=&#8220;{}&#8220; sticky_transition=&#8220;on&#8220; alt=&#8220;Philippe Fr\u00e9d\u00e9ric et V\u00e9ronique Rouvinez de la Famille Rouvinez&#8220; title_text=&#8220;Famille Rouvinez Cevins&#8220; background_position=&#8220;top_center&#8220; sticky_enabled=&#8220;0&#8243;][\/et_pb_slide][\/et_pb_fullwidth_slider][\/et_pb_section][et_pb_section fb_built=&#8220;1&#8243; _builder_version=&#8220;4.16&#8243; _module_preset=&#8220;default&#8220; custom_padding=&#8220;0px||0px||false|false&#8220; global_colors_info=&#8220;{}&#8220;][et_pb_row _builder_version=&#8220;4.16&#8243; _module_preset=&#8220;default&#8220; position_origin_a=&#8220;top_center&#8220; custom_margin=&#8220;||||false|false&#8220; custom_margin_tablet=&#8220;&#8220; custom_margin_phone=&#8220;&#8220; custom_margin_last_edited=&#8220;on|desktop&#8220; custom_padding=&#8220;0px||0px||false|false&#8220; global_colors_info=&#8220;{}&#8220;][et_pb_column type=&#8220;4_4&#8243; _builder_version=&#8220;4.16&#8243; _module_preset=&#8220;default&#8220; global_colors_info=&#8220;{}&#8220;][et_pb_text module_class=&#8220;titreFam&#8220; _builder_version=&#8220;4.22.1&#8243; _module_preset=&#8220;default&#8220; text_font=&#8220;helveticaNeueBold|||on|||||&#8220; text_text_color=&#8220;#FFFFFF&#8220; text_font_size=&#8220;27px&#8220; text_letter_spacing=&#8220;4px&#8220; header_2_font=&#8220;helveticaNeueBold|||on|||||&#8220; header_3_font=&#8220;HelveticaNeue|800|||||||&#8220; header_3_text_color=&#8220;#FFFFFF&#8220; background_enable_color=&#8220;off&#8220; positioning=&#8220;absolute&#8220; position_origin_a=&#8220;top_center&#8220; vertical_offset=&#8220;-24vw&#8220; vertical_offset_tablet=&#8220;-50vw&#8220; vertical_offset_phone=&#8220;-58vw&#8220; vertical_offset_last_edited=&#8220;on|phone&#8220; position_origin_a_tablet=&#8220;&#8220; position_origin_a_phone=&#8220;&#8220; position_origin_a_last_edited=&#8220;on|tablet&#8220; position_origin_f_tablet=&#8220;&#8220; position_origin_f_phone=&#8220;&#8220; position_origin_f_last_edited=&#8220;on|tablet&#8220; position_origin_r_tablet=&#8220;&#8220; position_origin_r_phone=&#8220;&#8220; position_origin_r_last_edited=&#8220;on|tablet&#8220; text_orientation=&#8220;center&#8220; width=&#8220;100%&#8220; custom_margin=&#8220;||1px||false|false&#8220; custom_padding=&#8220;140px||140px||true|false&#8220; animation_style=&#8220;slide&#8220; animation_direction=&#8220;top&#8220; animation_duration=&#8220;500ms&#8220; hover_enabled=&#8220;0&#8243; text_font_size_tablet=&#8220;24px&#8220; text_font_size_phone=&#8220;18px&#8220; text_font_size_last_edited=&#8220;on|phone&#8220; header_2_font_size_phone=&#8220;32px&#8220; header_2_line_height_tablet=&#8220;&#8220; header_2_line_height_phone=&#8220;&#8220; header_2_line_height_last_edited=&#8220;on|phone&#8220; positioning_tablet=&#8220;&#8220; positioning_phone=&#8220;&#8220; positioning_last_edited=&#8220;on|tablet&#8220; global_colors_info=&#8220;{}&#8220; custom_padding_last_edited=&#8220;on|phone&#8220; sticky_enabled=&#8220;0&#8243; custom_padding_tablet=&#8220;70px||70px||true|false&#8220; custom_padding_phone=&#8220;10px||10px||true|false&#8220;]<\/p>\n<h2>Die Familie Rouvinez<\/h2>\n<p>Die Leidenschaft der Reben und des Weines<\/p>\n<p>[\/et_pb_text][et_pb_image src=&#8220;https:\/\/famillerouvinez.com\/wp-content\/uploads\/2021\/08\/arrowDown.png&#8220; title_text=&#8220;arrowDown&#8220; url=&#8220;#famille&#8220; align=&#8220;center&#8220; disabled_on=&#8220;on|on|off&#8220; admin_label=&#8220;fl\u00e8che desktop&#8220; module_id=&#8220;arrowdown&#8220; _builder_version=&#8220;4.16&#8243; _module_preset=&#8220;default&#8220; positioning=&#8220;absolute&#8220; vertical_offset=&#8220;-6vw&#8220; width=&#8220;100%&#8220; global_colors_info=&#8220;{}&#8220;][\/et_pb_image][\/et_pb_column][\/et_pb_row][\/et_pb_section][et_pb_section fb_built=&#8220;1&#8243; module_id=&#8220;familie&#8220; _builder_version=&#8220;4.22.1&#8243; _module_preset=&#8220;default&#8220; custom_padding=&#8220;0px||||false|false&#8220; global_colors_info=&#8220;{}&#8220;][et_pb_row column_structure=&#8220;1_2,1_2&#8243; _builder_version=&#8220;4.22.1&#8243; _module_preset=&#8220;default&#8220; locked=&#8220;off&#8220; global_colors_info=&#8220;{}&#8220;][et_pb_column type=&#8220;1_2&#8243; _builder_version=&#8220;4.16&#8243; _module_preset=&#8220;default&#8220; global_colors_info=&#8220;{}&#8220;][et_pb_image src=&#8220;https:\/\/famillerouvinez.com\/wp-content\/uploads\/2024\/02\/Veronique-Besson-Rouvinez-1-e1707732262426.png&#8220; alt=&#8220;V\u00e9ronique Besson-Rouvinez Verantwortlicher f\u00fcr die Weinbereitung bei Famille Rouvinez&#8220; title_text=&#8220;V\u00e9ronique Besson-Rouvinez&#8220; align=&#8220;center&#8220; _builder_version=&#8220;4.22.1&#8243; _module_preset=&#8220;default&#8220; global_colors_info=&#8220;{}&#8220;][\/et_pb_image][\/et_pb_column][et_pb_column type=&#8220;1_2&#8243; _builder_version=&#8220;4.16&#8243; _module_preset=&#8220;default&#8220; background_image=&#8220;https:\/\/famillerouvinez.com\/wp-content\/uploads\/2021\/09\/background-titre-V2.jpg&#8220; background_position=&#8220;top_left&#8220; global_colors_info=&#8220;{}&#8220;][et_pb_text _builder_version=&#8220;4.22.1&#8243; _module_preset=&#8220;default&#8220; header_2_font=&#8220;HelveticaNeue|||on|||||&#8220; header_3_font=&#8220;helveticaNeue|800||on|||||&#8220; header_3_text_color=&#8220;#4f4f4f&#8220; header_3_font_size=&#8220;40px&#8220; header_3_letter_spacing=&#8220;6px&#8220; header_3_line_height=&#8220;1.4em&#8220; background_color=&#8220;#ffffff&#8220; custom_margin=&#8220;||-10px|-1.8%|false|false&#8220; custom_margin_tablet=&#8220;&#8220; custom_margin_phone=&#8220;||||false|false&#8220; custom_margin_last_edited=&#8220;on|phone&#8220; custom_padding=&#8220;||||false|false&#8220; mix_blend_mode=&#8220;screen&#8220; header_3_font_size_tablet=&#8220;36px&#8220; header_3_font_size_phone=&#8220;32px&#8220; header_3_font_size_last_edited=&#8220;on|phone&#8220; global_colors_info=&#8220;{}&#8220;]<\/p>\n<h3>V\u00e9ronique Besson-Rouvinez<\/h3>\n<p>[\/et_pb_text][et_pb_text module_class=&#8220;puce&#8220; _builder_version=&#8220;4.22.1&#8243; _module_preset=&#8220;default&#8220; ul_font=&#8220;tahoma||||||||&#8220; ul_font_size=&#8220;18px&#8220; background_color=&#8220;#FFFFFF&#8220; custom_margin=&#8220;||-16px||false|false&#8220; custom_padding=&#8220;30px||||false|false&#8220; custom_padding_tablet=&#8220;&#8220; custom_padding_phone=&#8220;|||15%|false|false&#8220; custom_padding_last_edited=&#8220;on|phone&#8220; global_colors_info=&#8220;{}&#8220;]<\/p>\n<ul>\n<li><strong>Familienbezug :<\/strong> Tochter von Jean-Bernard und Claudine Rouvinez, Schwester von Fr\u00e9d\u00e9ric und Philippe<br \/>\n<strong>Mitarbeit im Familienbetrieb :<\/strong>\u00a0seit 2005<br \/>\n<strong>Ausbildung<\/strong>: Ingenieur ETHZ der Lebensmittelwissenschaften<br \/>\n<strong>Funktion :<\/strong> Weinbereitung und Qualit\u00e4tsmanagement<br \/>\n<strong>Leidenschaft<\/strong>: kochen, reisen, Lego-Bausteine<br \/>\n<b>Motto : <\/b>\u201eErfolg ist nicht der Schl\u00fcssel zum Gl\u00fcck. Das Gl\u00fcck ist der Schl\u00fcssel zum Erfolg.\u201c (Albert Schweizer)<\/li>\n<\/ul>\n<p>[\/et_pb_text][\/et_pb_column][\/et_pb_row][et_pb_row column_structure=&#8220;1_2,1_2&#8243; _builder_version=&#8220;4.16&#8243; _module_preset=&#8220;default&#8220; locked=&#8220;off&#8220; global_colors_info=&#8220;{}&#8220;][et_pb_column type=&#8220;1_2&#8243; _builder_version=&#8220;4.16&#8243; _module_preset=&#8220;default&#8220; global_colors_info=&#8220;{}&#8220;][et_pb_image src=&#8220;https:\/\/famillerouvinez.com\/wp-content\/uploads\/2024\/02\/Philippe-Rouvinez-e1707732636525.png&#8220; title_text=&#8220;Philippe Rouvinez&#8220; align=&#8220;center&#8220; _builder_version=&#8220;4.22.1&#8243; _module_preset=&#8220;default&#8220; global_colors_info=&#8220;{}&#8220;][\/et_pb_image][\/et_pb_column][et_pb_column type=&#8220;1_2&#8243; _builder_version=&#8220;4.16&#8243; _module_preset=&#8220;default&#8220; background_image=&#8220;https:\/\/famillerouvinez.com\/wp-content\/uploads\/2021\/09\/background-titre-V2.jpg&#8220; background_position=&#8220;top_left&#8220; global_colors_info=&#8220;{}&#8220;][et_pb_text _builder_version=&#8220;4.16&#8243; _module_preset=&#8220;default&#8220; header_2_font=&#8220;HelveticaNeue|||on|||||&#8220; header_3_font=&#8220;helveticaNeue|800||on|||||&#8220; header_3_text_color=&#8220;#4f4f4f&#8220; header_3_font_size=&#8220;40px&#8220; header_3_letter_spacing=&#8220;6px&#8220; header_3_line_height=&#8220;1.4em&#8220; background_color=&#8220;#ffffff&#8220; custom_margin=&#8220;||-10px|-1.8%|false|false&#8220; custom_margin_tablet=&#8220;&#8220; custom_margin_phone=&#8220;||||false|false&#8220; custom_margin_last_edited=&#8220;on|phone&#8220; custom_padding=&#8220;||||false|false&#8220; mix_blend_mode=&#8220;screen&#8220; header_3_font_size_tablet=&#8220;36px&#8220; header_3_font_size_phone=&#8220;32px&#8220; header_3_font_size_last_edited=&#8220;on|phone&#8220; global_colors_info=&#8220;{}&#8220;]<\/p>\n<h3>Philippe Rouvinez<\/h3>\n<p>[\/et_pb_text][et_pb_text module_class=&#8220;puce&#8220; _builder_version=&#8220;4.22.1&#8243; _module_preset=&#8220;default&#8220; ul_font=&#8220;tahoma||||||||&#8220; ul_font_size=&#8220;18px&#8220; background_color=&#8220;#FFFFFF&#8220; custom_margin=&#8220;||-16px||false|false&#8220; custom_padding=&#8220;30px||||false|false&#8220; custom_padding_tablet=&#8220;&#8220; custom_padding_phone=&#8220;|||15%|false|false&#8220; custom_padding_last_edited=&#8220;on|phone&#8220; global_colors_info=&#8220;{}&#8220;]<\/p>\n<ul>\n<li><strong>Familienbezug :<\/strong> Sohn von Jean-Bernard und Claudine, Bruder von V\u00e9ronique und Fr\u00e9d\u00e9ric.<br \/>\n<strong>Eintritt in das Familienunternehmen<\/strong>: ab 2013<br \/>\n<strong>Ausbildung<\/strong>: Lizentiat HEC St. Gallen<br \/>\n<strong>Zust\u00e4ndigkeit<\/strong>: Marketing &amp; Vertrieb<br \/>\n<strong>Leidenschaft<\/strong>: Sport<br \/>\n<strong>Credo<\/strong>: &#8222;Man \u00e4ndert keine erfolgreiche Mannschaft.<\/li>\n<\/ul>\n<p>[\/et_pb_text][\/et_pb_column][\/et_pb_row][et_pb_row column_structure=&#8220;1_2,1_2&#8243; _builder_version=&#8220;4.16&#8243; _module_preset=&#8220;default&#8220; locked=&#8220;off&#8220; global_colors_info=&#8220;{}&#8220;][et_pb_column type=&#8220;1_2&#8243; _builder_version=&#8220;4.16&#8243; _module_preset=&#8220;default&#8220; global_colors_info=&#8220;{}&#8220;][et_pb_image src=&#8220;https:\/\/famillerouvinez.com\/wp-content\/uploads\/2024\/02\/Frederic-Rouvinez-e1707732700741.png&#8220; title_text=&#8220;Fr\u00e9d\u00e9ric Rouvinez&#8220; align=&#8220;center&#8220; _builder_version=&#8220;4.22.1&#8243; _module_preset=&#8220;default&#8220; global_colors_info=&#8220;{}&#8220;][\/et_pb_image][\/et_pb_column][et_pb_column type=&#8220;1_2&#8243; _builder_version=&#8220;4.16&#8243; _module_preset=&#8220;default&#8220; background_image=&#8220;https:\/\/famillerouvinez.com\/wp-content\/uploads\/2021\/09\/background-titre-V2.jpg&#8220; background_position=&#8220;center_left&#8220; global_colors_info=&#8220;{}&#8220;][et_pb_text _builder_version=&#8220;4.16&#8243; _module_preset=&#8220;default&#8220; header_2_font=&#8220;HelveticaNeue|||on|||||&#8220; header_3_font=&#8220;helveticaNeue|800||on|||||&#8220; header_3_text_color=&#8220;rgba(79,79,79,0.85)&#8220; header_3_font_size=&#8220;40px&#8220; header_3_letter_spacing=&#8220;6px&#8220; header_3_line_height=&#8220;1.4em&#8220; background_color=&#8220;#ffffff&#8220; custom_margin=&#8220;||-10px|-1.8%|false|false&#8220; custom_margin_tablet=&#8220;&#8220; custom_margin_phone=&#8220;||||false|false&#8220; custom_margin_last_edited=&#8220;on|phone&#8220; custom_padding=&#8220;||||false|false&#8220; mix_blend_mode=&#8220;screen&#8220; header_3_font_size_tablet=&#8220;36px&#8220; header_3_font_size_phone=&#8220;32px&#8220; header_3_font_size_last_edited=&#8220;on|phone&#8220; global_colors_info=&#8220;{}&#8220;]<\/p>\n<h3>Fr\u00e9d\u00e9ric Rouvinez<\/h3>\n<p>[\/et_pb_text][et_pb_text module_class=&#8220;puce&#8220; _builder_version=&#8220;4.22.1&#8243; _module_preset=&#8220;default&#8220; ul_font=&#8220;tahoma||||||||&#8220; ul_font_size=&#8220;18px&#8220; background_color=&#8220;#FFFFFF&#8220; custom_margin=&#8220;||-16px||false|false&#8220; custom_padding=&#8220;30px||||false|false&#8220; custom_padding_tablet=&#8220;&#8220; custom_padding_phone=&#8220;|||15%|false|false&#8220; custom_padding_last_edited=&#8220;on|phone&#8220; global_colors_info=&#8220;{}&#8220;]<\/p>\n<ul>\n<li><strong>Familienbezug : <\/strong>Sohn von Jean-Bernard und Claudine Rouvinez, Bruder von V\u00e9ronique und Philippe<br \/>\n<strong>Mitarbeit im Familienbetrieb :<\/strong> seit 2009<br \/>\n<strong>Ausbildung:\u00a0 <\/strong>Masterdiplom HEC Lausanne<br \/>\n<strong>Funktion : <\/strong>Leitung Administration und Terroir<br \/>\n<strong>Leidenschaft :<\/strong> das Abenteuer<br \/>\n<b>Kredo : <\/b>\u201eHalte in deiner Hand stets die Hand des Kindes, das du einmal warst.\u201c (Miguel de Cervantes, 1547-1616)<\/li>\n<\/ul>\n<p>[\/et_pb_text][\/et_pb_column][\/et_pb_row][et_pb_row column_structure=&#8220;1_2,1_2&#8243; _builder_version=&#8220;4.16&#8243; _module_preset=&#8220;default&#8220; locked=&#8220;off&#8220; global_colors_info=&#8220;{}&#8220;][et_pb_column type=&#8220;1_2&#8243; _builder_version=&#8220;4.16&#8243; _module_preset=&#8220;default&#8220; global_colors_info=&#8220;{}&#8220;][et_pb_image src=&#8220;https:\/\/famillerouvinez.com\/wp-content\/uploads\/2021\/08\/Jean_Bernard_Rouvinez1-1.jpg&#8220; title_text=&#8220;Jean_Bernard_Rouvinez1-1&#8243; align=&#8220;center&#8220; _builder_version=&#8220;4.22.1&#8243; _module_preset=&#8220;default&#8220; global_colors_info=&#8220;{}&#8220;][\/et_pb_image][\/et_pb_column][et_pb_column type=&#8220;1_2&#8243; _builder_version=&#8220;4.16&#8243; _module_preset=&#8220;default&#8220; background_image=&#8220;https:\/\/famillerouvinez.com\/wp-content\/uploads\/2021\/09\/background-titre-V2.jpg&#8220; background_size=&#8220;contain&#8220; background_position=&#8220;top_left&#8220; global_colors_info=&#8220;{}&#8220;][et_pb_text _builder_version=&#8220;4.16&#8243; _module_preset=&#8220;default&#8220; header_2_font=&#8220;HelveticaNeue|||on|||||&#8220; header_3_font=&#8220;helveticaNeue|800||on|||||&#8220; header_3_text_color=&#8220;#4f4f4f&#8220; header_3_font_size=&#8220;40px&#8220; header_3_letter_spacing=&#8220;6px&#8220; header_3_line_height=&#8220;1.4em&#8220; background_color=&#8220;#ffffff&#8220; custom_margin=&#8220;||-10px|-1.8%|false|false&#8220; custom_margin_tablet=&#8220;&#8220; custom_margin_phone=&#8220;||||false|false&#8220; custom_margin_last_edited=&#8220;on|phone&#8220; custom_padding=&#8220;||||false|false&#8220; mix_blend_mode=&#8220;screen&#8220; header_3_font_size_tablet=&#8220;36px&#8220; header_3_font_size_phone=&#8220;32px&#8220; header_3_font_size_last_edited=&#8220;on|phone&#8220; global_colors_info=&#8220;{}&#8220;]<\/p>\n<h3>Jean-Bernard Rouvinez<\/h3>\n<p>[\/et_pb_text][et_pb_text module_class=&#8220;puce&#8220; _builder_version=&#8220;4.22.1&#8243; _module_preset=&#8220;default&#8220; ul_font=&#8220;tahoma||||||||&#8220; ul_font_size=&#8220;18px&#8220; background_color=&#8220;#FFFFFF&#8220; custom_margin=&#8220;||-16px||false|false&#8220; custom_padding=&#8220;30px||||false|false&#8220; custom_padding_tablet=&#8220;&#8220; custom_padding_phone=&#8220;|||15%|false|false&#8220; custom_padding_last_edited=&#8220;on|phone&#8220; global_colors_info=&#8220;{}&#8220;]<\/p>\n<ul>\n<li><strong>Familienbezug :<\/strong> Sohn des Gr\u00fcnderpaares Bernard und Hermine Rouvinez, Bruder von Jean-Bernard<br \/>\n<strong>Mitarbeit im Familienbetrieb : <\/strong>seit den 1970er-Jahren<br \/>\n<strong>Ausbildung :<\/strong> Ingenieur f\u00fcr \u00d6nologie und Weinbau mit Diplom der Hochschule Changins<br \/>\n<strong>Funktion :<\/strong> Vorsitzender des Verwaltungsrats<\/li>\n<\/ul>\n<p>[\/et_pb_text][\/et_pb_column][\/et_pb_row][et_pb_row column_structure=&#8220;1_2,1_2&#8243; _builder_version=&#8220;4.16&#8243; _module_preset=&#8220;default&#8220; locked=&#8220;off&#8220; global_colors_info=&#8220;{}&#8220;][et_pb_column type=&#8220;1_2&#8243; _builder_version=&#8220;4.16&#8243; _module_preset=&#8220;default&#8220; global_colors_info=&#8220;{}&#8220;][et_pb_image src=&#8220;https:\/\/famillerouvinez.com\/wp-content\/uploads\/2021\/08\/Dominique_Rouvinez-1.jpg&#8220; title_text=&#8220;Dominique_Rouvinez-1&#8243; align=&#8220;center&#8220; _builder_version=&#8220;4.22.1&#8243; _module_preset=&#8220;default&#8220; global_colors_info=&#8220;{}&#8220;][\/et_pb_image][\/et_pb_column][et_pb_column type=&#8220;1_2&#8243; _builder_version=&#8220;4.16&#8243; _module_preset=&#8220;default&#8220; background_image=&#8220;https:\/\/famillerouvinez.com\/wp-content\/uploads\/2021\/09\/background-titre-V2.jpg&#8220; background_position=&#8220;center_left&#8220; global_colors_info=&#8220;{}&#8220;][et_pb_text _builder_version=&#8220;4.16&#8243; _module_preset=&#8220;default&#8220; header_2_font=&#8220;HelveticaNeue|||on|||||&#8220; header_3_font=&#8220;helveticaNeue|800||on|||||&#8220; header_3_text_color=&#8220;#4f4f4f&#8220; header_3_font_size=&#8220;40px&#8220; header_3_letter_spacing=&#8220;6px&#8220; header_3_line_height=&#8220;1.4em&#8220; background_color=&#8220;#ffffff&#8220; custom_margin=&#8220;||-10px|-1.8%|false|false&#8220; custom_margin_tablet=&#8220;&#8220; custom_margin_phone=&#8220;||||false|false&#8220; custom_margin_last_edited=&#8220;on|phone&#8220; custom_padding=&#8220;||||false|false&#8220; mix_blend_mode=&#8220;screen&#8220; header_3_font_size_tablet=&#8220;36px&#8220; header_3_font_size_phone=&#8220;32px&#8220; header_3_font_size_last_edited=&#8220;on|phone&#8220; global_colors_info=&#8220;{}&#8220;]<\/p>\n<h3>Dominique Rouvinez<\/h3>\n<p>[\/et_pb_text][et_pb_text module_class=&#8220;puce&#8220; _builder_version=&#8220;4.22.1&#8243; _module_preset=&#8220;default&#8220; ul_font=&#8220;tahoma||||||||&#8220; ul_font_size=&#8220;18px&#8220; background_color=&#8220;#FFFFFF&#8220; custom_margin=&#8220;||-16px||false|false&#8220; custom_padding=&#8220;30px||||false|false&#8220; custom_padding_tablet=&#8220;&#8220; custom_padding_phone=&#8220;|||15%|false|false&#8220; custom_padding_last_edited=&#8220;on|phone&#8220; global_colors_info=&#8220;{}&#8220;]<\/p>\n<ul>\n<li><strong>Familienbezug :<\/strong>\u00a0Sohn des Gr\u00fcnderpaares Bernard und Hermine Rouvinez, Bruder von Jean-Bernard<br \/>\n<strong>Mitarbeit im Familienbetrieb :\u00a0<\/strong>seit den 1970er-Jahren<br \/>\n<strong>Ausbildung :<\/strong>\u00a0Ingenieur f\u00fcr \u00d6nologie und Weinbau mit Diplom der Hochschule Changins<br \/>\n<strong>Funktion :<\/strong> Vorsitzender des Verkostungskomitees<\/li>\n<\/ul>\n<p>[\/et_pb_text][\/et_pb_column][\/et_pb_row][\/et_pb_section]<\/p>\n","protected":false},"excerpt":{"rendered":"<p>Die Familie Rouvinez Die Leidenschaft der Reben und des WeinesV\u00e9ronique Besson-Rouvinez Familienbezug : Tochter von Jean-Bernard und Claudine Rouvinez, Schwester von Fr\u00e9d\u00e9ric und Philippe Mitarbeit im Familienbetrieb :\u00a0seit 2005 Ausbildung: Ingenieur ETHZ der Lebensmittelwissenschaften Funktion : Weinbereitung und Qualit\u00e4tsmanagement Leidenschaft: kochen, reisen, Lego-Bausteine Motto : \u201eErfolg ist nicht der Schl\u00fcssel zum Gl\u00fcck. Das Gl\u00fcck ist [&hellip;]<\/p>\n","protected":false},"author":3,"featured_media":0,"parent":0,"menu_order":0,"comment_status":"closed","ping_status":"closed","template":"","meta":{"_et_pb_use_builder":"on","_et_pb_old_content":"","_et_gb_content_width":"","inline_featured_image":false,"_monsterinsights_skip_tracking":false,"_monsterinsights_sitenote_active":false,"_monsterinsights_sitenote_note":"","_monsterinsights_sitenote_category":0,"_uf_show_specific_survey":0,"_uf_disable_surveys":false,"footnotes":""},"class_list":["post-1570","page","type-page","status-publish","hentry"],"yoast_head":"<!-- This site is optimized with the Yoast SEO plugin v27.3 - https:\/\/yoast.com\/product\/yoast-seo-wordpress\/ -->\n<title>Famille Rouvinez<\/title>\n<meta name=\"description\" content=\"Die Mitglieder der Familie Rouvinez sind seit 60 Jahren und \u00fcber drei Generationen hinweg Inbegriff der Leidenschaft f\u00fcr die Rebe und den Wein im Wallis.\" \/>\n<meta name=\"robots\" content=\"index, follow, max-snippet:-1, max-image-preview:large, max-video-preview:-1\" \/>\n<link rel=\"canonical\" href=\"https:\/\/famillerouvinez.com\/de\/famille\/\" \/>\n<meta property=\"og:locale\" content=\"de_DE\" \/>\n<meta property=\"og:type\" content=\"article\" \/>\n<meta property=\"og:title\" content=\"Famille Rouvinez\" \/>\n<meta property=\"og:description\" content=\"Die Mitglieder der Familie Rouvinez sind seit 60 Jahren und \u00fcber drei Generationen hinweg Inbegriff der Leidenschaft f\u00fcr die Rebe und den Wein im Wallis.\" \/>\n<meta property=\"og:url\" content=\"https:\/\/famillerouvinez.com\/de\/famille\/\" \/>\n<meta property=\"og:site_name\" content=\"Famille Rouvinez\" \/>\n<meta property=\"article:publisher\" content=\"https:\/\/www.facebook.com\/LaFamilleRouvinez\" \/>\n<meta property=\"article:modified_time\" content=\"2024-02-15T06:47:01+00:00\" \/>\n<meta name=\"twitter:card\" content=\"summary_large_image\" \/>\n<meta name=\"twitter:label1\" content=\"Gesch\u00e4tzte Lesezeit\" \/>\n\t<meta name=\"twitter:data1\" content=\"10\u00a0Minuten\" \/>\n<script type=\"application\/ld+json\" class=\"yoast-schema-graph\">{\"@context\":\"https:\\\/\\\/schema.org\",\"@graph\":[{\"@type\":\"WebPage\",\"@id\":\"https:\\\/\\\/famillerouvinez.com\\\/de\\\/famille\\\/\",\"url\":\"https:\\\/\\\/famillerouvinez.com\\\/de\\\/famille\\\/\",\"name\":\"Famille Rouvinez\",\"isPartOf\":{\"@id\":\"https:\\\/\\\/famillerouvinez.com\\\/de\\\/#website\"},\"datePublished\":\"2021-09-24T08:50:48+00:00\",\"dateModified\":\"2024-02-15T06:47:01+00:00\",\"description\":\"Die Mitglieder der Familie Rouvinez sind seit 60 Jahren und \u00fcber drei Generationen hinweg Inbegriff der Leidenschaft f\u00fcr die Rebe und den Wein im Wallis.\",\"breadcrumb\":{\"@id\":\"https:\\\/\\\/famillerouvinez.com\\\/de\\\/famille\\\/#breadcrumb\"},\"inLanguage\":\"de\",\"potentialAction\":[{\"@type\":\"ReadAction\",\"target\":[\"https:\\\/\\\/famillerouvinez.com\\\/de\\\/famille\\\/\"]}]},{\"@type\":\"BreadcrumbList\",\"@id\":\"https:\\\/\\\/famillerouvinez.com\\\/de\\\/famille\\\/#breadcrumb\",\"itemListElement\":[{\"@type\":\"ListItem\",\"position\":1,\"name\":\"Accueil\",\"item\":\"https:\\\/\\\/famillerouvinez.com\\\/de\\\/\"},{\"@type\":\"ListItem\",\"position\":2,\"name\":\"Familie\"}]},{\"@type\":\"WebSite\",\"@id\":\"https:\\\/\\\/famillerouvinez.com\\\/de\\\/#website\",\"url\":\"https:\\\/\\\/famillerouvinez.com\\\/de\\\/\",\"name\":\"Famille Rouvinez\",\"description\":\"Maisons et vignobles valaisans d&#039;exception\",\"publisher\":{\"@id\":\"https:\\\/\\\/famillerouvinez.com\\\/de\\\/#organization\"},\"potentialAction\":[{\"@type\":\"SearchAction\",\"target\":{\"@type\":\"EntryPoint\",\"urlTemplate\":\"https:\\\/\\\/famillerouvinez.com\\\/de\\\/?s={search_term_string}\"},\"query-input\":{\"@type\":\"PropertyValueSpecification\",\"valueRequired\":true,\"valueName\":\"search_term_string\"}}],\"inLanguage\":\"de\"},{\"@type\":\"Organization\",\"@id\":\"https:\\\/\\\/famillerouvinez.com\\\/de\\\/#organization\",\"name\":\"Famille Rouvinez\",\"url\":\"https:\\\/\\\/famillerouvinez.com\\\/de\\\/\",\"logo\":{\"@type\":\"ImageObject\",\"inLanguage\":\"de\",\"@id\":\"https:\\\/\\\/famillerouvinez.com\\\/de\\\/#\\\/schema\\\/logo\\\/image\\\/\",\"url\":\"https:\\\/\\\/famillerouvinez.com\\\/wp-content\\\/uploads\\\/2021\\\/07\\\/famille-rouvinez-logo.svg\",\"contentUrl\":\"https:\\\/\\\/famillerouvinez.com\\\/wp-content\\\/uploads\\\/2021\\\/07\\\/famille-rouvinez-logo.svg\",\"width\":300,\"height\":100,\"caption\":\"Famille Rouvinez\"},\"image\":{\"@id\":\"https:\\\/\\\/famillerouvinez.com\\\/de\\\/#\\\/schema\\\/logo\\\/image\\\/\"},\"sameAs\":[\"https:\\\/\\\/www.facebook.com\\\/LaFamilleRouvinez\",\"https:\\\/\\\/www.instagram.com\\\/famille.rouvinez\\\/\",\"https:\\\/\\\/www.linkedin.com\\\/company\\\/famille-rouvinez\"]}]}<\/script>\n<!-- \/ Yoast SEO plugin. -->","yoast_head_json":{"title":"Famille Rouvinez","description":"Die Mitglieder der Familie Rouvinez sind seit 60 Jahren und \u00fcber drei Generationen hinweg Inbegriff der Leidenschaft f\u00fcr die Rebe und den Wein im Wallis.","robots":{"index":"index","follow":"follow","max-snippet":"max-snippet:-1","max-image-preview":"max-image-preview:large","max-video-preview":"max-video-preview:-1"},"canonical":"https:\/\/famillerouvinez.com\/de\/famille\/","og_locale":"de_DE","og_type":"article","og_title":"Famille Rouvinez","og_description":"Die Mitglieder der Familie Rouvinez sind seit 60 Jahren und \u00fcber drei Generationen hinweg Inbegriff der Leidenschaft f\u00fcr die Rebe und den Wein im Wallis.","og_url":"https:\/\/famillerouvinez.com\/de\/famille\/","og_site_name":"Famille Rouvinez","article_publisher":"https:\/\/www.facebook.com\/LaFamilleRouvinez","article_modified_time":"2024-02-15T06:47:01+00:00","twitter_card":"summary_large_image","twitter_misc":{"Gesch\u00e4tzte Lesezeit":"10\u00a0Minuten"},"schema":{"@context":"https:\/\/schema.org","@graph":[{"@type":"WebPage","@id":"https:\/\/famillerouvinez.com\/de\/famille\/","url":"https:\/\/famillerouvinez.com\/de\/famille\/","name":"Famille Rouvinez","isPartOf":{"@id":"https:\/\/famillerouvinez.com\/de\/#website"},"datePublished":"2021-09-24T08:50:48+00:00","dateModified":"2024-02-15T06:47:01+00:00","description":"Die Mitglieder der Familie Rouvinez sind seit 60 Jahren und \u00fcber drei Generationen hinweg Inbegriff der Leidenschaft f\u00fcr die Rebe und den Wein im Wallis.","breadcrumb":{"@id":"https:\/\/famillerouvinez.com\/de\/famille\/#breadcrumb"},"inLanguage":"de","potentialAction":[{"@type":"ReadAction","target":["https:\/\/famillerouvinez.com\/de\/famille\/"]}]},{"@type":"BreadcrumbList","@id":"https:\/\/famillerouvinez.com\/de\/famille\/#breadcrumb","itemListElement":[{"@type":"ListItem","position":1,"name":"Accueil","item":"https:\/\/famillerouvinez.com\/de\/"},{"@type":"ListItem","position":2,"name":"Familie"}]},{"@type":"WebSite","@id":"https:\/\/famillerouvinez.com\/de\/#website","url":"https:\/\/famillerouvinez.com\/de\/","name":"Famille Rouvinez","description":"Maisons et vignobles valaisans d&#039;exception","publisher":{"@id":"https:\/\/famillerouvinez.com\/de\/#organization"},"potentialAction":[{"@type":"SearchAction","target":{"@type":"EntryPoint","urlTemplate":"https:\/\/famillerouvinez.com\/de\/?s={search_term_string}"},"query-input":{"@type":"PropertyValueSpecification","valueRequired":true,"valueName":"search_term_string"}}],"inLanguage":"de"},{"@type":"Organization","@id":"https:\/\/famillerouvinez.com\/de\/#organization","name":"Famille Rouvinez","url":"https:\/\/famillerouvinez.com\/de\/","logo":{"@type":"ImageObject","inLanguage":"de","@id":"https:\/\/famillerouvinez.com\/de\/#\/schema\/logo\/image\/","url":"https:\/\/famillerouvinez.com\/wp-content\/uploads\/2021\/07\/famille-rouvinez-logo.svg","contentUrl":"https:\/\/famillerouvinez.com\/wp-content\/uploads\/2021\/07\/famille-rouvinez-logo.svg","width":300,"height":100,"caption":"Famille Rouvinez"},"image":{"@id":"https:\/\/famillerouvinez.com\/de\/#\/schema\/logo\/image\/"},"sameAs":["https:\/\/www.facebook.com\/LaFamilleRouvinez","https:\/\/www.instagram.com\/famille.rouvinez\/","https:\/\/www.linkedin.com\/company\/famille-rouvinez"]}]}},"_links":{"self":[{"href":"https:\/\/famillerouvinez.com\/de\/wp-json\/wp\/v2\/pages\/1570","targetHints":{"allow":["GET"]}}],"collection":[{"href":"https:\/\/famillerouvinez.com\/de\/wp-json\/wp\/v2\/pages"}],"about":[{"href":"https:\/\/famillerouvinez.com\/de\/wp-json\/wp\/v2\/types\/page"}],"author":[{"embeddable":true,"href":"https:\/\/famillerouvinez.com\/de\/wp-json\/wp\/v2\/users\/3"}],"replies":[{"embeddable":true,"href":"https:\/\/famillerouvinez.com\/de\/wp-json\/wp\/v2\/comments?post=1570"}],"version-history":[{"count":5,"href":"https:\/\/famillerouvinez.com\/de\/wp-json\/wp\/v2\/pages\/1570\/revisions"}],"predecessor-version":[{"id":7253,"href":"https:\/\/famillerouvinez.com\/de\/wp-json\/wp\/v2\/pages\/1570\/revisions\/7253"}],"wp:attachment":[{"href":"https:\/\/famillerouvinez.com\/de\/wp-json\/wp\/v2\/media?parent=1570"}],"curies":[{"name":"wp","href":"https:\/\/api.w.org\/{rel}","templated":true}]}}