{"id":1710,"date":"2021-10-05T11:10:36","date_gmt":"2021-10-05T09:10:36","guid":{"rendered":"https:\/\/famille-rouvinez.ch\/geschichte\/"},"modified":"2022-03-14T16:29:08","modified_gmt":"2022-03-14T15:29:08","slug":"geschichte","status":"publish","type":"page","link":"https:\/\/famillerouvinez.com\/de\/geschichte\/","title":{"rendered":"Geschichte"},"content":{"rendered":"<p>[et_pb_section fb_built=&#8220;1&#8243; fullwidth=&#8220;on&#8220; _builder_version=&#8220;4.10.7&#8243; _module_preset=&#8220;default&#8220; custom_padding=&#8220;||||true|false&#8220; global_colors_info=&#8220;{}&#8220;][et_pb_fullwidth_slider show_pagination=&#8220;off&#8220; _builder_version=&#8220;4.10.7&#8243; _module_preset=&#8220;default&#8220; custom_padding=&#8220;20vw||20vw||true|false&#8220; custom_padding_tablet=&#8220;40vw||40vw||true|false&#8220; custom_padding_phone=&#8220;&#8220; custom_padding_last_edited=&#8220;on|phone&#8220; auto=&#8220;on&#8220; global_colors_info=&#8220;{}&#8220; header_2_line_height_last_edited=&#8220;on|phone&#8220;][et_pb_slide _builder_version=&#8220;4.10.7&#8243; _module_preset=&#8220;default&#8220; header_font=&#8220;helveticaNeueBold|||on|||||&#8220; header_text_align=&#8220;center&#8220; header_font_size=&#8220;50px&#8220; header_letter_spacing=&#8220;20px&#8220; header_line_height=&#8220;1.2em&#8220; background_image=&#8220;https:\/\/famillerouvinez.com\/wp-content\/uploads\/2021\/09\/tunnel_2021.png&#8220; background_enable_image=&#8220;on&#8220; header_font_size_tablet=&#8220;40px&#8220; header_font_size_phone=&#8220;32px&#8220; header_font_size_last_edited=&#8220;on|phone&#8220; header_letter_spacing_tablet=&#8220;15px&#8220; header_letter_spacing_phone=&#8220;11px&#8220; header_letter_spacing_last_edited=&#8220;on|desktop&#8220; global_colors_info=&#8220;{}&#8220; sticky_transition=&#8220;on&#8220;][\/et_pb_slide][et_pb_slide _builder_version=&#8220;4.10.7&#8243; _module_preset=&#8220;default&#8220; header_font=&#8220;helveticaNeueBold|||on|||||&#8220; header_text_align=&#8220;center&#8220; header_font_size=&#8220;50px&#8220; header_letter_spacing=&#8220;20px&#8220; header_line_height=&#8220;1.2em&#8220; background_image=&#8220;https:\/\/famillerouvinez.com\/wp-content\/uploads\/2021\/09\/FR_amandier-2021.png&#8220; background_enable_image=&#8220;on&#8220; header_font_size_tablet=&#8220;40px&#8220; header_font_size_phone=&#8220;32px&#8220; header_font_size_last_edited=&#8220;on|phone&#8220; header_letter_spacing_tablet=&#8220;15px&#8220; header_letter_spacing_phone=&#8220;11px&#8220; header_letter_spacing_last_edited=&#8220;on|desktop&#8220; global_colors_info=&#8220;{}&#8220; sticky_transition=&#8220;on&#8220;][\/et_pb_slide][\/et_pb_fullwidth_slider][\/et_pb_section][et_pb_section fb_built=&#8220;1&#8243; _builder_version=&#8220;4.10.7&#8243; _module_preset=&#8220;default&#8220; custom_padding=&#8220;0px||0px||false|false&#8220; global_colors_info=&#8220;{}&#8220;][et_pb_row _builder_version=&#8220;4.10.7&#8243; _module_preset=&#8220;default&#8220; position_origin_a=&#8220;top_center&#8220; custom_margin=&#8220;||||false|false&#8220; custom_margin_tablet=&#8220;&#8220; custom_margin_phone=&#8220;&#8220; custom_margin_last_edited=&#8220;on|desktop&#8220; custom_padding=&#8220;0px||0px||false|false&#8220; global_colors_info=&#8220;{}&#8220;][et_pb_column type=&#8220;4_4&#8243; _builder_version=&#8220;4.9.10&#8243; _module_preset=&#8220;default&#8220; global_colors_info=&#8220;{}&#8220;][et_pb_text _builder_version=&#8220;4.10.7&#8243; _module_preset=&#8220;default&#8220; text_font=&#8220;||||||||&#8220; text_text_color=&#8220;#FFFFFF&#8220; header_2_font=&#8220;helveticaNeueBold|||on|||||&#8220; header_3_font=&#8220;HelveticaNeue|800|||||||&#8220; header_3_text_color=&#8220;#FFFFFF&#8220; background_enable_color=&#8220;off&#8220; positioning=&#8220;absolute&#8220; position_origin_a=&#8220;top_center&#8220; vertical_offset=&#8220;-22vw&#8220; vertical_offset_tablet=&#8220;-48vw&#8220; vertical_offset_phone=&#8220;-54vw&#8220; vertical_offset_last_edited=&#8220;on|phone&#8220; position_origin_a_tablet=&#8220;&#8220; position_origin_a_phone=&#8220;&#8220; position_origin_a_last_edited=&#8220;on|tablet&#8220; position_origin_f_tablet=&#8220;&#8220; position_origin_f_phone=&#8220;&#8220; position_origin_f_last_edited=&#8220;on|tablet&#8220; position_origin_r_tablet=&#8220;&#8220; position_origin_r_phone=&#8220;&#8220; position_origin_r_last_edited=&#8220;on|tablet&#8220; text_orientation=&#8220;center&#8220; width=&#8220;100%&#8220; custom_margin=&#8220;||1px||false|false&#8220; custom_padding=&#8220;5px||5px||true|false&#8220; animation_style=&#8220;slide&#8220; animation_direction=&#8220;top&#8220; animation_duration=&#8220;500ms&#8220; header_2_font_size_phone=&#8220;32px&#8220; header_2_line_height_tablet=&#8220;&#8220; header_2_line_height_phone=&#8220;&#8220; header_2_line_height_last_edited=&#8220;on|phone&#8220; positioning_tablet=&#8220;&#8220; positioning_phone=&#8220;&#8220; positioning_last_edited=&#8220;on|tablet&#8220; global_colors_info=&#8220;{}&#8220;]<\/p>\n<h2>Die Familie Rouvinez<\/h2>\n<p>[\/et_pb_text][et_pb_image src=&#8220;https:\/\/famillerouvinez.com\/wp-content\/uploads\/2021\/08\/arrowDown.png&#8220; title_text=&#8220;arrowDown&#8220; url=&#8220;#histoire&#8220; align=&#8220;center&#8220; disabled_on=&#8220;on|on|off&#8220; admin_label=&#8220;fl\u00e8che desktop&#8220; module_id=&#8220;arrowdown&#8220; _builder_version=&#8220;4.10.7&#8243; _module_preset=&#8220;default&#8220; positioning=&#8220;absolute&#8220; vertical_offset=&#8220;-4vw&#8220; width=&#8220;100%&#8220; global_colors_info=&#8220;{}&#8220;][\/et_pb_image][\/et_pb_column][\/et_pb_row][\/et_pb_section][et_pb_section fb_built=&#8220;1&#8243; disabled_on=&#8220;on|on|off&#8220; module_id=&#8220;histoire&#8220; _builder_version=&#8220;4.10.7&#8243; _module_preset=&#8220;default&#8220; custom_padding=&#8220;0px||||false|false&#8220; global_colors_info=&#8220;{}&#8220;][et_pb_row column_structure=&#8220;1_3,2_3&#8243; use_custom_gutter=&#8220;on&#8220; custom_padding_last_edited=&#8220;on|phone&#8220; _builder_version=&#8220;4.10.7&#8243; _module_preset=&#8220;default&#8220; background_enable_image=&#8220;off&#8220; background_size=&#8220;initial&#8220; background_position=&#8220;top_left&#8220; width_tablet=&#8220;&#8220; width_phone=&#8220;100%&#8220; width_last_edited=&#8220;on|phone&#8220; max_width=&#8220;1500px&#8220; custom_margin=&#8220;6px|auto||auto||&#8220; custom_padding=&#8220;||0px||false|false&#8220; custom_padding_tablet=&#8220;&#8220; custom_padding_phone=&#8220;|30px||30px|false|false&#8220; global_colors_info=&#8220;{}&#8220;][et_pb_column type=&#8220;1_3&#8243; _builder_version=&#8220;4.9.10&#8243; _module_preset=&#8220;default&#8220; global_colors_info=&#8220;{}&#8220;][\/et_pb_column][et_pb_column type=&#8220;2_3&#8243; _builder_version=&#8220;4.10.7&#8243; _module_preset=&#8220;default&#8220; background_image=&#8220;https:\/\/famillerouvinez.com\/wp-content\/uploads\/2021\/09\/background-titre-V2.jpg&#8220; global_colors_info=&#8220;{}&#8220;][et_pb_text _builder_version=&#8220;4.10.7&#8243; _module_preset=&#8220;default&#8220; header_2_font=&#8220;HelveticaNeue|||on|||||&#8220; header_3_font=&#8220;helveticaNeue|800|||||||&#8220; header_3_text_color=&#8220;#4f4f4f&#8220; header_3_font_size=&#8220;53px&#8220; header_3_letter_spacing=&#8220;7px&#8220; header_3_line_height=&#8220;1.4em&#8220; background_color=&#8220;#ffffff&#8220; custom_margin=&#8220;||-10px|-1.8%|false|false&#8220; custom_margin_tablet=&#8220;&#8220; custom_margin_phone=&#8220;||||false|false&#8220; custom_margin_last_edited=&#8220;on|phone&#8220; custom_padding=&#8220;||||false|false&#8220; mix_blend_mode=&#8220;screen&#8220; header_3_font_size_tablet=&#8220;42px&#8220; header_3_font_size_phone=&#8220;36px&#8220; header_3_font_size_last_edited=&#8220;on|phone&#8220; global_colors_info=&#8220;{}&#8220;]<\/p>\n<h3>UNSERE GESCHICHTE<\/h3>\n<p>[\/et_pb_text][\/et_pb_column][\/et_pb_row][et_pb_row column_structure=&#8220;1_3,2_3&#8243; use_custom_gutter=&#8220;on&#8220; custom_padding_last_edited=&#8220;on|phone&#8220; _builder_version=&#8220;4.9.10&#8243; _module_preset=&#8220;default&#8220; background_enable_image=&#8220;off&#8220; background_size=&#8220;initial&#8220; background_position=&#8220;top_left&#8220; width_tablet=&#8220;&#8220; width_phone=&#8220;100%&#8220; width_last_edited=&#8220;on|phone&#8220; max_width=&#8220;1500px&#8220; custom_padding=&#8220;||||false|false&#8220; custom_padding_tablet=&#8220;&#8220; custom_padding_phone=&#8220;|30px||30px|false|false&#8220; global_colors_info=&#8220;{}&#8220;][et_pb_column type=&#8220;1_3&#8243; _builder_version=&#8220;4.9.10&#8243; _module_preset=&#8220;default&#8220; global_colors_info=&#8220;{}&#8220;][et_pb_text _builder_version=&#8220;4.10.7&#8243; _module_preset=&#8220;default&#8220; header_4_font=&#8220;tahoma|700|||||||&#8220; header_4_text_color=&#8220;#666666&#8243; global_colors_info=&#8220;{}&#8220;]<\/p>\n<div class=\"divHistoire\">\n<div class=\"pictoHistoire\"><img decoding=\"async\" class=\"wp-image-626 alignnone size-full\" src=\"https:\/\/famillerouvinez.com\/wp-content\/uploads\/2021\/09\/picto-person.png\" alt=\"\" \/><\/div>\n<div class=\"texteHistoire\">\n<h4><strong>1924<\/strong><\/h4>\n<p>Geburtsjahr von Bernard Rouvinez<\/p>\n<\/div>\n<\/div>\n<p>[\/et_pb_text][et_pb_text _builder_version=&#8220;4.10.7&#8243; _module_preset=&#8220;default&#8220; header_4_font=&#8220;tahoma|700|||||||&#8220; header_4_text_color=&#8220;#666666&#8243; global_colors_info=&#8220;{}&#8220;]<\/p>\n<div class=\"divHistoire\">\n<div class=\"pictoHistoire\"><img loading=\"lazy\" decoding=\"async\" class=\"wp-image-626 alignnone size-full\" src=\"https:\/\/famillerouvinez.com\/wp-content\/uploads\/2021\/09\/picto-home.png\" alt=\"\" width=\"65\" height=\"84\" \/><\/div>\n<div class=\"texteHistoire\">\n<h4>1947<\/h4>\n<p>Gr\u00fcndung der Cave Rouvinez auf der Colline de G\u00e9ronde bei Siders<\/p>\n<\/div>\n<\/div>\n<p>[\/et_pb_text][et_pb_text _builder_version=&#8220;4.10.7&#8243; _module_preset=&#8220;default&#8220; header_4_font=&#8220;tahoma|700|||||||&#8220; header_4_text_color=&#8220;#666666&#8243; global_colors_info=&#8220;{}&#8220;]<\/p>\n<div class=\"divHistoire\">\n<div class=\"pictoHistoire\"><img loading=\"lazy\" decoding=\"async\" class=\"wp-image-626 alignnone size-full\" src=\"https:\/\/famillerouvinez.com\/wp-content\/uploads\/2021\/09\/picto-3person.png\" alt=\"\" width=\"65\" height=\"84\" \/><\/div>\n<div class=\"texteHistoire\">\n<h4>1978<\/h4>\n<p>Jean-Bernard und Dominique, die beiden S\u00f6hne von Bernard, \u00fcbernehmen die F\u00fchrung der Kellerei<\/p>\n<\/div>\n<\/div>\n<p>[\/et_pb_text][et_pb_text _builder_version=&#8220;4.10.7&#8243; _module_preset=&#8220;default&#8220; header_4_font=&#8220;tahoma|700|||||||&#8220; header_4_text_color=&#8220;#666666&#8243; global_colors_info=&#8220;{}&#8220;]<\/p>\n<div class=\"divHistoire\">\n<div class=\"pictoHistoire\"><img loading=\"lazy\" decoding=\"async\" class=\"wp-image-626 alignnone size-full\" src=\"https:\/\/famillerouvinez.com\/wp-content\/uploads\/2021\/09\/picto-add-person.png\" alt=\"\" width=\"93\" height=\"84\" \/><\/div>\n<div class=\"texteHistoire\">\n<h4>2005<\/h4>\n<p>V\u00e9ronique, die Tochter von Jean-Bernard, tritt dem Unternehmen bei und \u00fcbernimmt Aufgaben in der Weinbereitung und im Qualit\u00e4tsmanagement<\/p>\n<\/div>\n<\/div>\n<p>[\/et_pb_text][et_pb_text _builder_version=&#8220;4.10.7&#8243; _module_preset=&#8220;default&#8220; header_4_font=&#8220;tahoma|700|||||||&#8220; header_4_text_color=&#8220;#666666&#8243; global_colors_info=&#8220;{}&#8220;]<\/p>\n<div class=\"divHistoire\">\n<div class=\"pictoHistoire\"><img decoding=\"async\" class=\"wp-image-626 alignnone size-full\" src=\"https:\/\/famillerouvinez.com\/wp-content\/uploads\/2021\/09\/picto-add-person.png\" alt=\"\" width=\"90\" \/><\/div>\n<div class=\"texteHistoire\">\n<h4>2009<\/h4>\n<p>Fr\u00e9d\u00e9ric, das dritte Kind von Jean-Bernard, \u00fcbernimmt die F\u00fchrung der Administration und der Terroirs<\/p>\n<\/div>\n<\/div>\n<p>[\/et_pb_text][et_pb_text _builder_version=&#8220;4.10.7&#8243; _module_preset=&#8220;default&#8220; header_4_font=&#8220;tahoma|700|||||||&#8220; header_4_text_color=&#8220;#666666&#8243; global_colors_info=&#8220;{}&#8220;]<\/p>\n<div class=\"divHistoire\">\n<div class=\"pictoHistoire\"><img loading=\"lazy\" decoding=\"async\" class=\"wp-image-626 alignnone size-full\" src=\"https:\/\/famillerouvinez.com\/wp-content\/uploads\/2021\/09\/picto-add-person.png\" alt=\"\" width=\"78\" height=\"84\" \/><\/div>\n<div class=\"texteHistoire\">\n<h4>2013<\/h4>\n<p>Philippe, der erste Sohn von Jean-Bernard, \u00fcbernimmt F\u00fchrungsaufgaben im Marketing und Vertrieb<\/p>\n<\/div>\n<\/div>\n<p>[\/et_pb_text][\/et_pb_column][et_pb_column type=&#8220;2_3&#8243; _builder_version=&#8220;4.9.10&#8243; _module_preset=&#8220;default&#8220; background_enable_image=&#8220;off&#8220; background_size=&#8220;contain&#8220; background_position=&#8220;top_left&#8220; global_colors_info=&#8220;{}&#8220;][et_pb_text module_class=&#8220;puce&#8220; _builder_version=&#8220;4.10.7&#8243; _module_preset=&#8220;default&#8220; header_2_font=&#8220;HelveticaNeue|||on|||||&#8220; header_3_font=&#8220;helveticaNeue|900|||||||&#8220; header_3_text_color=&#8220;rgba(33,33,33,0.64)&#8220; header_3_font_size=&#8220;53px&#8220; header_3_letter_spacing=&#8220;7px&#8220; header_3_line_height=&#8220;1.4em&#8220; background_enable_color=&#8220;off&#8220; custom_margin_tablet=&#8220;&#8220; custom_margin_phone=&#8220;||||false|false&#8220; custom_margin_last_edited=&#8220;on|phone&#8220; custom_padding=&#8220;||||false|false&#8220; mix_blend_mode=&#8220;screen&#8220; header_3_font_size_tablet=&#8220;42px&#8220; header_3_font_size_phone=&#8220;36px&#8220; header_3_font_size_last_edited=&#8220;on|phone&#8220; global_colors_info=&#8220;{}&#8220;]<\/p>\n<ul>\n<li>\n<p>In \u00fcber 70 Jahren und drei Generationen ist die Familie Rouvinez zum gr\u00f6ssten Weinbergeigent\u00fcmer im Wallis geworden. Ausser den eigenen Weinen von Domaines Rouvinez bietet die Familie den Weinliebhabern auch die Crus ihrer H\u00e4user Bonvin 1858, Les Fils de Charles Favre, Imesch und Orsat an. Rund 135 Hektaren Rebland befinden sich im Privatbesitz der Familie Rouvinez, darunter einige der herausragendsten Weing\u00fcter wie das \u00abCh\u00e2teau Lichten\u00bb oder das Gut \u00abClos du Ch\u00e2teau\u00bb. Alle Rebberge des Hauses liegen im Wallis zwischen Leuk und Martigny.<\/p>\n<p>Seit seiner Gr\u00fcndung ist das Unternehmen erheblich gewachsen, doch die Philosophie des Hauses ist \u00fcber all die Jahre dieselbe geblieben: erdverbunden, famili\u00e4r, qualitativ hochwertig und innovativ.<\/p>\n<p>Seit den Anf\u00e4ngen 1947 beschlossen Bernard und Hermine Rouvinez, sich auf die Produktion hochwertiger Weine zu konzentrieren. Und dass sie dazu auf die einheimischen Spezialit\u00e4ten wie die Petite Arvine und den Cornalin setzen wollten.<\/p>\n<p>Ihre S\u00f6hne Jean-Bernard und Dominique schufen dann Anfang der 1980er-Jahre die ersten modernen Assemblagen im Wallis, wie den Tourmentin oder die Tr\u00e9maille. Die Br\u00fcder Rouvinez waren auch unter den ersten Weinmachern, die ihre Weine in Barriques ausbauten.<\/p>\n<p>Jean-Bernard und Dominique setzten die Pionierrolle ihrer Eltern fort und wurden zu Wegbereitern der integrierten Produktion, deren Ziel es ist, die Biodiversit\u00e4t zu f\u00f6rdern. In diesem Rahmen passten sie die Weinbautechniken an, verzichteten auf Bodenherbizide und setzten in den Rebbergen ein System der Tr\u00f6pfchenbew\u00e4sserung ein.<\/p>\n<p>Heute setzen Jean-Bernard und Dominique zusammen mit V\u00e9ronique, Fr\u00e9d\u00e9ric und Philippe, den Kindern von Jean-Bernard, ihr Streben nach \u00f6nologischer Exzellenz fort. Sie erreichen einen immer h\u00f6heren Selektionsgrad der besten Trauben aus ihren besten Terroirs und vermitteln ihre Kenntnisse den Weinh\u00e4usern weiter, die sie leiten. So setzt die Familie Rouvinez ihre kontinuierliche Suche nach Innovation und Qualit\u00e4t mit der gr\u00f6sstm\u00f6glichen R\u00fccksicht auf die W\u00fcrde des Menschen und der Erde fort.<\/p>\n<p>Mit mehr als 50 Hektaren Rebfl\u00e4che, die nach den Richtlinien des biologischen Weinbaus bewirtschaftet werden, ist die Familie Rouvinez zum gr\u00f6ssten Produzenten von Bioweinen in der Schweiz geworden. Auch die Entwicklung des Weintourismus ist eine Priorit\u00e4t unseres Hauses, das sich \u00fcber die Kellerei Charles Bonvin aktiv an der Entwicklung des Besucherzentrums Les Celliers de Sion beteiligt hat.<\/p>\n<p>Das st\u00e4ndige Streben nach Innovation und Qualit\u00e4t wird erst erm\u00f6glicht durch die absolute Meisterschaft in allen Etappen der Weinbereitung, von der Rebe im Weinberg bis zum Glas auf dem Tisch. Dieses Engagement hat der Familie Rouvinez und ihren H\u00e4usern in den letzten Jahren zahlreiche Auszeichnungen eingebracht.<\/p>\n<p>Im Jahr 2000 wurde der Grains Nobles Confidenciel von Domaines Rouvinez am Concours Mondial in Br\u00fcssel von der Jury mit der h\u00f6chsten je vergebenen Note ausgezeichnet: Er erhielt 98 von 100 m\u00f6glichen Punkten. 2013 ernannte das Tasted Journal den Jahrgang 2011 der Cuv\u00e9e 1858 von Bonvin mit 95 Punkten als besten Wein des Jahres. Im selben Jahr wurde der allererste Jahrgang 2011 des C\u0153ur de Domaine Rouge von Domaines Rouvinez am Grand Prix du Vin Suisse nominiert und prompt vom internationalen Magazin Vinum zum besten Schweizer Wein gew\u00e4hlt.<br \/>\n2014 schloss das Jahr mit zwei gl\u00e4nzenden Auszeichnungen erneut erfolgreich: dem Preis als Schweizer Weingut des Jahres f\u00fcr Bonvin 1858 und dem Family Business Award f\u00fcr die Familie Rouvinez in Anerkennung der Gesamtheit ihrer umfangreichen Aktivit\u00e4ten.<\/p>\n<p>2015 erhielten am Concours Mondial de Bruxelles mit der Tr\u00e9maille 2012 und dem C\u0153ur de Domaine Blanc 2012 erneut zwei Weine der Familie Rouvinez eine Grosse Goldmedaille, die h\u00f6chste Auszeichnung des Wettbewerbs, die an kaum 1% der vorgestellten Weine verliehen wird.<\/p>\n<p>In j\u00fcngerer Zeit setzte die Familie erneut ein Zeichen mit seiner Dynamik und seinem stetigen Streben nach Innovation. 2017 diversifizierte sie ihr Angebot und lancierte \u00abL\u2019Echapp\u00e9e\u00bb, ein in Martigny gebrautes Bier in bester und reinster belgischer Bierbrautradition. Schon bei seiner Lancierung wurde dieses einzigartige Bier an den World Beer Awards ausgezeichnet und erhielt den Titel des Schweizermeisters in der Kategorie \u00abBelgium Style Ale\u00bb. Und das ist nicht alles: L\u2019Echapp\u00e9e gewann zus\u00e4tzlich auch den Preis f\u00fcr das beste Design der Schweiz.<\/p>\n<p>Im Jahr 2019 lancierte Domaines Rouvinez mit dem Nez Noir eine Bio-Rotweinassemblage, deren Geschichte eng mit der Herde von Oberwalliser Schwarznasenschafen verbunden ist, die jedes Jahr in den Bio-Weinbergen der Weing\u00fcter weidet. Und stets bestrebt, ihre Sache noch besser zu machen, ist die Familie Rouvinez inzwischen selbst stolze Besitzerin einiger dieser Tiere geworden.<\/p>\n<\/li>\n<\/ul>\n<p>[\/et_pb_text][\/et_pb_column][\/et_pb_row][\/et_pb_section][et_pb_section fb_built=&#8220;1&#8243; disabled_on=&#8220;off|off|on&#8220; _builder_version=&#8220;4.10.7&#8243; _module_preset=&#8220;default&#8220; custom_padding=&#8220;0px||||false|false&#8220; global_colors_info=&#8220;{}&#8220;][et_pb_row use_custom_gutter=&#8220;on&#8220; custom_padding_last_edited=&#8220;on|phone&#8220; _builder_version=&#8220;4.10.7&#8243; _module_preset=&#8220;default&#8220; background_enable_image=&#8220;off&#8220; background_size=&#8220;initial&#8220; background_position=&#8220;top_left&#8220; width_tablet=&#8220;&#8220; width_phone=&#8220;100%&#8220; width_last_edited=&#8220;on|phone&#8220; max_width=&#8220;1500px&#8220; custom_padding=&#8220;||0px||false|false&#8220; custom_padding_tablet=&#8220;&#8220; custom_padding_phone=&#8220;|30px||30px|false|false&#8220; global_colors_info=&#8220;{}&#8220;][et_pb_column type=&#8220;4_4&#8243; _builder_version=&#8220;4.10.7&#8243; _module_preset=&#8220;default&#8220; background_image=&#8220;https:\/\/famillerouvinez.com\/wp-content\/uploads\/2021\/09\/background-titre-V2.jpg&#8220; background_position=&#8220;center_right&#8220; global_colors_info=&#8220;{}&#8220;][et_pb_text _builder_version=&#8220;4.10.7&#8243; _module_preset=&#8220;default&#8220; header_2_font=&#8220;HelveticaNeue|||on|||||&#8220; header_3_font=&#8220;helveticaNeue|700|||||||&#8220; header_3_text_color=&#8220;#4f4f4f&#8220; header_3_font_size=&#8220;53px&#8220; header_3_letter_spacing=&#8220;7px&#8220; header_3_line_height=&#8220;1.4em&#8220; background_color=&#8220;#ffffff&#8220; custom_margin=&#8220;||-10px|-1.8%|false|false&#8220; custom_margin_tablet=&#8220;|||0%|false|false&#8220; custom_margin_phone=&#8220;|||-3.8%|false|false&#8220; custom_margin_last_edited=&#8220;on|phone&#8220; custom_padding=&#8220;||||false|false&#8220; mix_blend_mode=&#8220;screen&#8220; header_3_font_size_tablet=&#8220;42px&#8220; header_3_font_size_phone=&#8220;36px&#8220; header_3_font_size_last_edited=&#8220;on|phone&#8220; global_colors_info=&#8220;{}&#8220;]<\/p>\n<h3>UNSERE GESCHICHTE<\/h3>\n<p>[\/et_pb_text][\/et_pb_column][\/et_pb_row][et_pb_row use_custom_gutter=&#8220;on&#8220; custom_padding_last_edited=&#8220;on|phone&#8220; _builder_version=&#8220;4.10.7&#8243; _module_preset=&#8220;default&#8220; background_enable_image=&#8220;off&#8220; background_size=&#8220;initial&#8220; background_position=&#8220;top_left&#8220; width_tablet=&#8220;&#8220; width_phone=&#8220;100%&#8220; width_last_edited=&#8220;on|phone&#8220; max_width=&#8220;1500px&#8220; custom_padding=&#8220;||||false|false&#8220; custom_padding_tablet=&#8220;&#8220; custom_padding_phone=&#8220;|30px||30px|false|false&#8220; global_colors_info=&#8220;{}&#8220;][et_pb_column type=&#8220;4_4&#8243; _builder_version=&#8220;4.9.10&#8243; _module_preset=&#8220;default&#8220; global_colors_info=&#8220;{}&#8220;][et_pb_text module_class=&#8220;puce&#8220; _builder_version=&#8220;4.10.7&#8243; _module_preset=&#8220;default&#8220; header_2_font=&#8220;HelveticaNeue|||on|||||&#8220; header_3_font=&#8220;helveticaNeue|900|||||||&#8220; header_3_text_color=&#8220;rgba(33,33,33,0.64)&#8220; header_3_font_size=&#8220;53px&#8220; header_3_letter_spacing=&#8220;7px&#8220; header_3_line_height=&#8220;1.4em&#8220; background_color=&#8220;#ffffff&#8220; custom_margin_tablet=&#8220;&#8220; custom_margin_phone=&#8220;||||false|false&#8220; custom_margin_last_edited=&#8220;on|phone&#8220; custom_padding=&#8220;|||12.5%|false|false&#8220; mix_blend_mode=&#8220;screen&#8220; header_3_font_size_tablet=&#8220;42px&#8220; header_3_font_size_phone=&#8220;36px&#8220; header_3_font_size_last_edited=&#8220;on|phone&#8220; global_colors_info=&#8220;{}&#8220;]<\/p>\n<ul>\n<li>\n<p>In \u00fcber 70 Jahren und drei Generationen ist die Familie Rouvinez zum gr\u00f6ssten Weinbergeigent\u00fcmer im Wallis geworden. Ausser den eigenen Weinen von Domaines Rouvinez bietet die Familie den Weinliebhabern auch die Crus ihrer H\u00e4user Bonvin 1858, Les Fils de Charles Favre, Imesch und Orsat an. Rund 135 Hektaren Rebland befinden sich im Privatbesitz der Familie Rouvinez, darunter einige der herausragendsten Weing\u00fcter wie das \u00abCh\u00e2teau Lichten\u00bb oder das Gut \u00abClos du Ch\u00e2teau\u00bb. Alle Rebberge des Hauses liegen im Wallis zwischen Leuk und Martigny.<\/p>\n<p>Seit seiner Gr\u00fcndung ist das Unternehmen erheblich gewachsen, doch die Philosophie des Hauses ist \u00fcber all die Jahre dieselbe geblieben: erdverbunden, famili\u00e4r, qualitativ hochwertig und innovativ.<\/p>\n<p>Seit den Anf\u00e4ngen 1947 beschlossen Bernard und Hermine Rouvinez, sich auf die Produktion hochwertiger Weine zu konzentrieren. Und dass sie dazu auf die einheimischen Spezialit\u00e4ten wie die Petite Arvine und den Cornalin setzen wollten.<\/p>\n<p>Ihre S\u00f6hne Jean-Bernard und Dominique schufen dann Anfang der 1980er-Jahre die ersten modernen Assemblagen im Wallis, wie den Tourmentin oder die Tr\u00e9maille. Die Br\u00fcder Rouvinez waren auch unter den ersten Weinmachern, die ihre Weine in Barriques ausbauten.<\/p>\n<p>Jean-Bernard und Dominique setzten die Pionierrolle ihrer Eltern fort und wurden zu Wegbereitern der integrierten Produktion, deren Ziel es ist, die Biodiversit\u00e4t zu f\u00f6rdern. In diesem Rahmen passten sie die Weinbautechniken an, verzichteten auf Bodenherbizide und setzten in den Rebbergen ein System der Tr\u00f6pfchenbew\u00e4sserung ein.<\/p>\n<p>Heute setzen Jean-Bernard und Dominique zusammen mit V\u00e9ronique, Fr\u00e9d\u00e9ric und Philippe, den Kindern von Jean-Bernard, ihr Streben nach \u00f6nologischer Exzellenz fort. Sie erreichen einen immer h\u00f6heren Selektionsgrad der besten Trauben aus ihren besten Terroirs und vermitteln ihre Kenntnisse den Weinh\u00e4usern weiter, die sie leiten. So setzt die Familie Rouvinez ihre kontinuierliche Suche nach Innovation und Qualit\u00e4t mit der gr\u00f6sstm\u00f6glichen R\u00fccksicht auf die W\u00fcrde des Menschen und der Erde fort.<\/p>\n<p>Mit mehr als 50 Hektaren Rebfl\u00e4che, die nach den Richtlinien des biologischen Weinbaus bewirtschaftet werden, ist die Familie Rouvinez zum gr\u00f6ssten Produzenten von Bioweinen in der Schweiz geworden. Auch die Entwicklung des Weintourismus ist eine Priorit\u00e4t unseres Hauses, das sich \u00fcber die Kellerei Charles Bonvin aktiv an der Entwicklung des Besucherzentrums Les Celliers de Sion beteiligt hat.<\/p>\n<p>Das st\u00e4ndige Streben nach Innovation und Qualit\u00e4t wird erst erm\u00f6glicht durch die absolute Meisterschaft in allen Etappen der Weinbereitung, von der Rebe im Weinberg bis zum Glas auf dem Tisch. Dieses Engagement hat der Familie Rouvinez und ihren H\u00e4usern in den letzten Jahren zahlreiche Auszeichnungen eingebracht.<\/p>\n<p>Im Jahr 2000 wurde der Grains Nobles Confidenciel von Domaines Rouvinez am Concours Mondial in Br\u00fcssel von der Jury mit der h\u00f6chsten je vergebenen Note ausgezeichnet: Er erhielt 98 von 100 m\u00f6glichen Punkten. 2013 ernannte das Tasted Journal den Jahrgang 2011 der Cuv\u00e9e 1858 von Bonvin mit 95 Punkten als besten Wein des Jahres. Im selben Jahr wurde der allererste Jahrgang 2011 des C\u0153ur de Domaine Rouge von Domaines Rouvinez am Grand Prix du Vin Suisse nominiert und prompt vom internationalen Magazin Vinum zum besten Schweizer Wein gew\u00e4hlt.<br \/>\n2014 schloss das Jahr mit zwei gl\u00e4nzenden Auszeichnungen erneut erfolgreich: dem Preis als Schweizer Weingut des Jahres f\u00fcr Bonvin 1858 und dem Family Business Award f\u00fcr die Familie Rouvinez in Anerkennung der Gesamtheit ihrer umfangreichen Aktivit\u00e4ten.<\/p>\n<p>2015 erhielten am Concours Mondial de Bruxelles mit der Tr\u00e9maille 2012 und dem C\u0153ur de Domaine Blanc 2012 erneut zwei Weine der Familie Rouvinez eine Grosse Goldmedaille, die h\u00f6chste Auszeichnung des Wettbewerbs, die an kaum 1% der vorgestellten Weine verliehen wird.<\/p>\n<p>In j\u00fcngerer Zeit setzte die Familie erneut ein Zeichen mit seiner Dynamik und seinem stetigen Streben nach Innovation. 2017 diversifizierte sie ihr Angebot und lancierte \u00abL\u2019Echapp\u00e9e\u00bb, ein in Martigny gebrautes Bier in bester und reinster belgischer Bierbrautradition. Schon bei seiner Lancierung wurde dieses einzigartige Bier an den World Beer Awards ausgezeichnet und erhielt den Titel des Schweizermeisters in der Kategorie \u00abBelgium Style Ale\u00bb. Und das ist nicht alles: L\u2019Echapp\u00e9e gewann zus\u00e4tzlich auch den Preis f\u00fcr das beste Design der Schweiz.<\/p>\n<p>Im Jahr 2019 lancierte Domaines Rouvinez mit dem Nez Noir eine Bio-Rotweinassemblage, deren Geschichte eng mit der Herde von Oberwalliser Schwarznasenschafen verbunden ist, die jedes Jahr in den Bio-Weinbergen der Weing\u00fcter weidet. Und stets bestrebt, ihre Sache noch besser zu machen, ist die Familie Rouvinez inzwischen selbst stolze Besitzerin einiger dieser Tiere geworden.<\/p>\n<\/li>\n<\/ul>\n<p>[\/et_pb_text][et_pb_text _builder_version=&#8220;4.10.7&#8243; _module_preset=&#8220;default&#8220; header_4_font=&#8220;tahoma|700|||||||&#8220; global_colors_info=&#8220;{}&#8220;]<\/p>\n<div class=\"divHistoire\">\n<div class=\"pictoHistoire\"><img decoding=\"async\" class=\"wp-image-626 alignnone size-full\" src=\"https:\/\/famillerouvinez.com\/wp-content\/uploads\/2021\/09\/picto-person.png\" alt=\"\" \/><\/div>\n<div class=\"texteHistoire\">\n<h4>1924<\/h4>\n<p>Geburtsjahr von Bernard Rouvinez<\/p>\n<\/div>\n<\/div>\n<p>[\/et_pb_text][et_pb_text _builder_version=&#8220;4.10.7&#8243; _module_preset=&#8220;default&#8220; header_4_font=&#8220;tahoma|700|||||||&#8220; global_colors_info=&#8220;{}&#8220;]<\/p>\n<div class=\"divHistoire\">\n<div class=\"pictoHistoire\"><img loading=\"lazy\" decoding=\"async\" class=\"wp-image-626 alignnone size-full\" src=\"https:\/\/famillerouvinez.com\/wp-content\/uploads\/2021\/09\/picto-home.png\" alt=\"\" width=\"65\" height=\"84\" \/><\/div>\n<div class=\"texteHistoire\">\n<h4>1947<\/h4>\n<p>Gr\u00fcndung der Cave Rouvinez auf der Colline de G\u00e9ronde bei Siders<\/p>\n<\/div>\n<\/div>\n<p>[\/et_pb_text][et_pb_text _builder_version=&#8220;4.10.7&#8243; _module_preset=&#8220;default&#8220; header_4_font=&#8220;tahoma|700|||||||&#8220; global_colors_info=&#8220;{}&#8220;]<\/p>\n<div class=\"divHistoire\">\n<div class=\"pictoHistoire\"><img loading=\"lazy\" decoding=\"async\" class=\"wp-image-626 alignnone size-full\" src=\"https:\/\/famillerouvinez.com\/wp-content\/uploads\/2021\/09\/picto-3person.png\" alt=\"\" width=\"65\" height=\"84\" \/><\/div>\n<div class=\"texteHistoire\">\n<h4>1978<\/h4>\n<p>Jean-Bernard und Dominique, die beiden S\u00f6hne von Bernard, \u00fcbernehmen die F\u00fchrung der Kellerei<\/p>\n<\/div>\n<\/div>\n<p>[\/et_pb_text][et_pb_text _builder_version=&#8220;4.10.7&#8243; _module_preset=&#8220;default&#8220; header_4_font=&#8220;tahoma|700|||||||&#8220; global_colors_info=&#8220;{}&#8220;]<\/p>\n<div class=\"divHistoire\">\n<div class=\"pictoHistoire\"><img loading=\"lazy\" decoding=\"async\" class=\"wp-image-626 alignnone size-full\" src=\"https:\/\/famillerouvinez.com\/wp-content\/uploads\/2021\/09\/picto-add-person.png\" alt=\"\" width=\"93\" height=\"84\" \/><\/div>\n<div class=\"texteHistoire\">\n<h4>2005<\/h4>\n<p>V\u00e9ronique, die Tochter von Jean-Bernard, tritt dem Unternehmen bei und \u00fcbernimmt Aufgaben in der Weinbereitung und im Qualit\u00e4tsmanagement<\/p>\n<\/div>\n<\/div>\n<p>[\/et_pb_text][et_pb_text _builder_version=&#8220;4.10.7&#8243; _module_preset=&#8220;default&#8220; header_4_font=&#8220;tahoma|700|||||||&#8220; global_colors_info=&#8220;{}&#8220;]<\/p>\n<div class=\"divHistoire\">\n<div class=\"pictoHistoire\"><img decoding=\"async\" class=\"wp-image-626 alignnone size-full\" src=\"https:\/\/famillerouvinez.com\/wp-content\/uploads\/2021\/09\/picto-add-person.png\" alt=\"\" width=\"90\" \/><\/div>\n<div class=\"texteHistoire\">\n<h4>2009<\/h4>\n<p>Fr\u00e9d\u00e9ric, das dritte Kind von Jean-Bernard, \u00fcbernimmt die F\u00fchrung der Administration und der Terroirs<\/p>\n<\/div>\n<\/div>\n<p>[\/et_pb_text][et_pb_text _builder_version=&#8220;4.10.7&#8243; _module_preset=&#8220;default&#8220; header_4_font=&#8220;tahoma|700|||||||&#8220; global_colors_info=&#8220;{}&#8220;]<\/p>\n<div class=\"divHistoire\">\n<div class=\"pictoHistoire\"><img loading=\"lazy\" decoding=\"async\" class=\"wp-image-626 alignnone size-full\" src=\"https:\/\/famillerouvinez.com\/wp-content\/uploads\/2021\/09\/picto-add-person.png\" alt=\"\" width=\"78\" height=\"84\" \/><\/div>\n<div class=\"texteHistoire\">\n<h4>2013<\/h4>\n<p>Philippe, der erste Sohn von Jean-Bernard, \u00fcbernimmt F\u00fchrungsaufgaben im Marketing und Vertrieb<\/p>\n<\/div>\n<\/div>\n<p>[\/et_pb_text][\/et_pb_column][\/et_pb_row][\/et_pb_section]<\/p>\n","protected":false},"excerpt":{"rendered":"<p>Die Familie RouvinezUNSERE GESCHICHTE 1924 Geburtsjahr von Bernard Rouvinez 1947 Gr\u00fcndung der Cave Rouvinez auf der Colline de G\u00e9ronde bei Siders 1978 Jean-Bernard und Dominique, die beiden S\u00f6hne von Bernard, \u00fcbernehmen die F\u00fchrung der Kellerei 2005 V\u00e9ronique, die Tochter von Jean-Bernard, tritt dem Unternehmen bei und \u00fcbernimmt Aufgaben in der Weinbereitung und im Qualit\u00e4tsmanagement 2009 [&hellip;]<\/p>\n","protected":false},"author":2,"featured_media":0,"parent":0,"menu_order":0,"comment_status":"closed","ping_status":"closed","template":"","meta":{"_et_pb_use_builder":"on","_et_pb_old_content":"","_et_gb_content_width":"","inline_featured_image":false,"_monsterinsights_skip_tracking":false,"_monsterinsights_sitenote_active":false,"_monsterinsights_sitenote_note":"","_monsterinsights_sitenote_category":0,"_uf_show_specific_survey":0,"_uf_disable_surveys":false,"footnotes":""},"class_list":["post-1710","page","type-page","status-publish","hentry"],"yoast_head":"<!-- This site is optimized with the Yoast SEO plugin v27.3 - https:\/\/yoast.com\/product\/yoast-seo-wordpress\/ -->\n<title>Geschichte - Famille Rouvinez<\/title>\n<meta name=\"description\" content=\"In \u00fcber 70 Jahren und drei Generationen ist die Familie Rouvinez zum gr\u00f6ssten Weinbergeigent\u00fcmer im Wallis geworden.\" \/>\n<meta name=\"robots\" content=\"index, follow, max-snippet:-1, max-image-preview:large, max-video-preview:-1\" \/>\n<link rel=\"canonical\" href=\"https:\/\/famillerouvinez.com\/de\/geschichte\/\" \/>\n<meta property=\"og:locale\" content=\"de_DE\" \/>\n<meta property=\"og:type\" content=\"article\" \/>\n<meta property=\"og:title\" content=\"Geschichte - Famille Rouvinez\" \/>\n<meta property=\"og:description\" content=\"In \u00fcber 70 Jahren und drei Generationen ist die Familie Rouvinez zum gr\u00f6ssten Weinbergeigent\u00fcmer im Wallis geworden.\" \/>\n<meta property=\"og:url\" content=\"https:\/\/famillerouvinez.com\/de\/geschichte\/\" \/>\n<meta property=\"og:site_name\" content=\"Famille Rouvinez\" \/>\n<meta property=\"article:publisher\" content=\"https:\/\/www.facebook.com\/LaFamilleRouvinez\" \/>\n<meta property=\"article:modified_time\" content=\"2022-03-14T15:29:08+00:00\" \/>\n<meta property=\"og:image\" content=\"https:\/\/famillerouvinez.com\/wp-content\/uploads\/2021\/09\/picto-person.png\" \/>\n<meta name=\"twitter:card\" content=\"summary_large_image\" \/>\n<meta name=\"twitter:label1\" content=\"Gesch\u00e4tzte Lesezeit\" \/>\n\t<meta name=\"twitter:data1\" content=\"16\u00a0Minuten\" \/>\n<script type=\"application\/ld+json\" class=\"yoast-schema-graph\">{\"@context\":\"https:\\\/\\\/schema.org\",\"@graph\":[{\"@type\":\"WebPage\",\"@id\":\"https:\\\/\\\/famillerouvinez.com\\\/de\\\/geschichte\\\/\",\"url\":\"https:\\\/\\\/famillerouvinez.com\\\/de\\\/geschichte\\\/\",\"name\":\"Geschichte - Famille Rouvinez\",\"isPartOf\":{\"@id\":\"https:\\\/\\\/famillerouvinez.com\\\/de\\\/#website\"},\"primaryImageOfPage\":{\"@id\":\"https:\\\/\\\/famillerouvinez.com\\\/de\\\/geschichte\\\/#primaryimage\"},\"image\":{\"@id\":\"https:\\\/\\\/famillerouvinez.com\\\/de\\\/geschichte\\\/#primaryimage\"},\"thumbnailUrl\":\"https:\\\/\\\/famillerouvinez.com\\\/wp-content\\\/uploads\\\/2021\\\/09\\\/picto-person.png\",\"datePublished\":\"2021-10-05T09:10:36+00:00\",\"dateModified\":\"2022-03-14T15:29:08+00:00\",\"description\":\"In \u00fcber 70 Jahren und drei Generationen ist die Familie Rouvinez zum gr\u00f6ssten Weinbergeigent\u00fcmer im Wallis geworden.\",\"breadcrumb\":{\"@id\":\"https:\\\/\\\/famillerouvinez.com\\\/de\\\/geschichte\\\/#breadcrumb\"},\"inLanguage\":\"de\",\"potentialAction\":[{\"@type\":\"ReadAction\",\"target\":[\"https:\\\/\\\/famillerouvinez.com\\\/de\\\/geschichte\\\/\"]}]},{\"@type\":\"ImageObject\",\"inLanguage\":\"de\",\"@id\":\"https:\\\/\\\/famillerouvinez.com\\\/de\\\/geschichte\\\/#primaryimage\",\"url\":\"https:\\\/\\\/famillerouvinez.com\\\/wp-content\\\/uploads\\\/2021\\\/09\\\/picto-person.png\",\"contentUrl\":\"https:\\\/\\\/famillerouvinez.com\\\/wp-content\\\/uploads\\\/2021\\\/09\\\/picto-person.png\"},{\"@type\":\"BreadcrumbList\",\"@id\":\"https:\\\/\\\/famillerouvinez.com\\\/de\\\/geschichte\\\/#breadcrumb\",\"itemListElement\":[{\"@type\":\"ListItem\",\"position\":1,\"name\":\"Accueil\",\"item\":\"https:\\\/\\\/famillerouvinez.com\\\/de\\\/\"},{\"@type\":\"ListItem\",\"position\":2,\"name\":\"Geschichte\"}]},{\"@type\":\"WebSite\",\"@id\":\"https:\\\/\\\/famillerouvinez.com\\\/de\\\/#website\",\"url\":\"https:\\\/\\\/famillerouvinez.com\\\/de\\\/\",\"name\":\"Famille Rouvinez\",\"description\":\"Maisons et vignobles valaisans d&#039;exception\",\"publisher\":{\"@id\":\"https:\\\/\\\/famillerouvinez.com\\\/de\\\/#organization\"},\"potentialAction\":[{\"@type\":\"SearchAction\",\"target\":{\"@type\":\"EntryPoint\",\"urlTemplate\":\"https:\\\/\\\/famillerouvinez.com\\\/de\\\/?s={search_term_string}\"},\"query-input\":{\"@type\":\"PropertyValueSpecification\",\"valueRequired\":true,\"valueName\":\"search_term_string\"}}],\"inLanguage\":\"de\"},{\"@type\":\"Organization\",\"@id\":\"https:\\\/\\\/famillerouvinez.com\\\/de\\\/#organization\",\"name\":\"Famille Rouvinez\",\"url\":\"https:\\\/\\\/famillerouvinez.com\\\/de\\\/\",\"logo\":{\"@type\":\"ImageObject\",\"inLanguage\":\"de\",\"@id\":\"https:\\\/\\\/famillerouvinez.com\\\/de\\\/#\\\/schema\\\/logo\\\/image\\\/\",\"url\":\"https:\\\/\\\/famillerouvinez.com\\\/wp-content\\\/uploads\\\/2021\\\/07\\\/famille-rouvinez-logo.svg\",\"contentUrl\":\"https:\\\/\\\/famillerouvinez.com\\\/wp-content\\\/uploads\\\/2021\\\/07\\\/famille-rouvinez-logo.svg\",\"width\":300,\"height\":100,\"caption\":\"Famille Rouvinez\"},\"image\":{\"@id\":\"https:\\\/\\\/famillerouvinez.com\\\/de\\\/#\\\/schema\\\/logo\\\/image\\\/\"},\"sameAs\":[\"https:\\\/\\\/www.facebook.com\\\/LaFamilleRouvinez\",\"https:\\\/\\\/www.instagram.com\\\/famille.rouvinez\\\/\",\"https:\\\/\\\/www.linkedin.com\\\/company\\\/famille-rouvinez\"]}]}<\/script>\n<!-- \/ Yoast SEO plugin. -->","yoast_head_json":{"title":"Geschichte - Famille Rouvinez","description":"In \u00fcber 70 Jahren und drei Generationen ist die Familie Rouvinez zum gr\u00f6ssten Weinbergeigent\u00fcmer im Wallis geworden.","robots":{"index":"index","follow":"follow","max-snippet":"max-snippet:-1","max-image-preview":"max-image-preview:large","max-video-preview":"max-video-preview:-1"},"canonical":"https:\/\/famillerouvinez.com\/de\/geschichte\/","og_locale":"de_DE","og_type":"article","og_title":"Geschichte - Famille Rouvinez","og_description":"In \u00fcber 70 Jahren und drei Generationen ist die Familie Rouvinez zum gr\u00f6ssten Weinbergeigent\u00fcmer im Wallis geworden.","og_url":"https:\/\/famillerouvinez.com\/de\/geschichte\/","og_site_name":"Famille Rouvinez","article_publisher":"https:\/\/www.facebook.com\/LaFamilleRouvinez","article_modified_time":"2022-03-14T15:29:08+00:00","og_image":[{"url":"https:\/\/famillerouvinez.com\/wp-content\/uploads\/2021\/09\/picto-person.png","type":"","width":"","height":""}],"twitter_card":"summary_large_image","twitter_misc":{"Gesch\u00e4tzte Lesezeit":"16\u00a0Minuten"},"schema":{"@context":"https:\/\/schema.org","@graph":[{"@type":"WebPage","@id":"https:\/\/famillerouvinez.com\/de\/geschichte\/","url":"https:\/\/famillerouvinez.com\/de\/geschichte\/","name":"Geschichte - Famille Rouvinez","isPartOf":{"@id":"https:\/\/famillerouvinez.com\/de\/#website"},"primaryImageOfPage":{"@id":"https:\/\/famillerouvinez.com\/de\/geschichte\/#primaryimage"},"image":{"@id":"https:\/\/famillerouvinez.com\/de\/geschichte\/#primaryimage"},"thumbnailUrl":"https:\/\/famillerouvinez.com\/wp-content\/uploads\/2021\/09\/picto-person.png","datePublished":"2021-10-05T09:10:36+00:00","dateModified":"2022-03-14T15:29:08+00:00","description":"In \u00fcber 70 Jahren und drei Generationen ist die Familie Rouvinez zum gr\u00f6ssten Weinbergeigent\u00fcmer im Wallis geworden.","breadcrumb":{"@id":"https:\/\/famillerouvinez.com\/de\/geschichte\/#breadcrumb"},"inLanguage":"de","potentialAction":[{"@type":"ReadAction","target":["https:\/\/famillerouvinez.com\/de\/geschichte\/"]}]},{"@type":"ImageObject","inLanguage":"de","@id":"https:\/\/famillerouvinez.com\/de\/geschichte\/#primaryimage","url":"https:\/\/famillerouvinez.com\/wp-content\/uploads\/2021\/09\/picto-person.png","contentUrl":"https:\/\/famillerouvinez.com\/wp-content\/uploads\/2021\/09\/picto-person.png"},{"@type":"BreadcrumbList","@id":"https:\/\/famillerouvinez.com\/de\/geschichte\/#breadcrumb","itemListElement":[{"@type":"ListItem","position":1,"name":"Accueil","item":"https:\/\/famillerouvinez.com\/de\/"},{"@type":"ListItem","position":2,"name":"Geschichte"}]},{"@type":"WebSite","@id":"https:\/\/famillerouvinez.com\/de\/#website","url":"https:\/\/famillerouvinez.com\/de\/","name":"Famille Rouvinez","description":"Maisons et vignobles valaisans d&#039;exception","publisher":{"@id":"https:\/\/famillerouvinez.com\/de\/#organization"},"potentialAction":[{"@type":"SearchAction","target":{"@type":"EntryPoint","urlTemplate":"https:\/\/famillerouvinez.com\/de\/?s={search_term_string}"},"query-input":{"@type":"PropertyValueSpecification","valueRequired":true,"valueName":"search_term_string"}}],"inLanguage":"de"},{"@type":"Organization","@id":"https:\/\/famillerouvinez.com\/de\/#organization","name":"Famille Rouvinez","url":"https:\/\/famillerouvinez.com\/de\/","logo":{"@type":"ImageObject","inLanguage":"de","@id":"https:\/\/famillerouvinez.com\/de\/#\/schema\/logo\/image\/","url":"https:\/\/famillerouvinez.com\/wp-content\/uploads\/2021\/07\/famille-rouvinez-logo.svg","contentUrl":"https:\/\/famillerouvinez.com\/wp-content\/uploads\/2021\/07\/famille-rouvinez-logo.svg","width":300,"height":100,"caption":"Famille Rouvinez"},"image":{"@id":"https:\/\/famillerouvinez.com\/de\/#\/schema\/logo\/image\/"},"sameAs":["https:\/\/www.facebook.com\/LaFamilleRouvinez","https:\/\/www.instagram.com\/famille.rouvinez\/","https:\/\/www.linkedin.com\/company\/famille-rouvinez"]}]}},"_links":{"self":[{"href":"https:\/\/famillerouvinez.com\/de\/wp-json\/wp\/v2\/pages\/1710","targetHints":{"allow":["GET"]}}],"collection":[{"href":"https:\/\/famillerouvinez.com\/de\/wp-json\/wp\/v2\/pages"}],"about":[{"href":"https:\/\/famillerouvinez.com\/de\/wp-json\/wp\/v2\/types\/page"}],"author":[{"embeddable":true,"href":"https:\/\/famillerouvinez.com\/de\/wp-json\/wp\/v2\/users\/2"}],"replies":[{"embeddable":true,"href":"https:\/\/famillerouvinez.com\/de\/wp-json\/wp\/v2\/comments?post=1710"}],"version-history":[{"count":5,"href":"https:\/\/famillerouvinez.com\/de\/wp-json\/wp\/v2\/pages\/1710\/revisions"}],"predecessor-version":[{"id":5890,"href":"https:\/\/famillerouvinez.com\/de\/wp-json\/wp\/v2\/pages\/1710\/revisions\/5890"}],"wp:attachment":[{"href":"https:\/\/famillerouvinez.com\/de\/wp-json\/wp\/v2\/media?parent=1710"}],"curies":[{"name":"wp","href":"https:\/\/api.w.org\/{rel}","templated":true}]}}