{"id":6156,"date":"2022-08-04T17:25:41","date_gmt":"2022-08-04T15:25:41","guid":{"rendered":"https:\/\/famillerouvinez.com\/weintourismus\/"},"modified":"2022-08-11T12:24:05","modified_gmt":"2022-08-11T10:24:05","slug":"weintourismus","status":"publish","type":"page","link":"https:\/\/famillerouvinez.com\/de\/weintourismus\/","title":{"rendered":"Weintourismus"},"content":{"rendered":"<p>[et_pb_section fb_built=&#8220;1&#8243; fullwidth=&#8220;on&#8220; _builder_version=&#8220;4.16&#8243; _module_preset=&#8220;default&#8220; custom_padding=&#8220;||||true|false&#8220; global_colors_info=&#8220;{}&#8220;][et_pb_fullwidth_slider show_pagination=&#8220;off&#8220; _builder_version=&#8220;4.17.6&#8243; _module_preset=&#8220;default&#8220; custom_padding=&#8220;20vw||20vw||true|false&#8220; custom_padding_tablet=&#8220;40vw||40vw||true|false&#8220; custom_padding_phone=&#8220;&#8220; custom_padding_last_edited=&#8220;on|phone&#8220; auto=&#8220;on&#8220; global_colors_info=&#8220;{}&#8220; header_2_line_height_last_edited=&#8220;on|phone&#8220;][et_pb_slide _builder_version=&#8220;4.17.6&#8243; _module_preset=&#8220;default&#8220; header_font=&#8220;helveticaNeueBold|||on|||||&#8220; header_text_align=&#8220;center&#8220; header_font_size=&#8220;50px&#8220; header_letter_spacing=&#8220;20px&#8220; header_line_height=&#8220;1.2em&#8220; background_image=&#8220;https:\/\/famillerouvinez.com\/wp-content\/uploads\/2022\/08\/image-centre-oenoparc.jpg&#8220; background_enable_image=&#8220;on&#8220; header_font_size_tablet=&#8220;40px&#8220; header_font_size_phone=&#8220;32px&#8220; header_font_size_last_edited=&#8220;on|phone&#8220; header_letter_spacing_tablet=&#8220;15px&#8220; header_letter_spacing_phone=&#8220;11px&#8220; header_letter_spacing_last_edited=&#8220;on|desktop&#8220; global_colors_info=&#8220;{}&#8220; sticky_transition=&#8220;on&#8220;][\/et_pb_slide][et_pb_slide _builder_version=&#8220;4.17.6&#8243; _module_preset=&#8220;default&#8220; header_font=&#8220;helveticaNeueBold|||on|||||&#8220; header_text_align=&#8220;center&#8220; header_font_size=&#8220;50px&#8220; header_letter_spacing=&#8220;20px&#8220; header_line_height=&#8220;1.2em&#8220; background_image=&#8220;https:\/\/famillerouvinez.com\/wp-content\/uploads\/2021\/09\/tunnel_2021.png&#8220; background_enable_image=&#8220;on&#8220; header_font_size_tablet=&#8220;40px&#8220; header_font_size_phone=&#8220;32px&#8220; header_font_size_last_edited=&#8220;on|phone&#8220; header_letter_spacing_tablet=&#8220;15px&#8220; header_letter_spacing_phone=&#8220;11px&#8220; header_letter_spacing_last_edited=&#8220;on|desktop&#8220; global_colors_info=&#8220;{}&#8220; sticky_transition=&#8220;on&#8220;][\/et_pb_slide][\/et_pb_fullwidth_slider][\/et_pb_section][et_pb_section fb_built=&#8220;1&#8243; _builder_version=&#8220;4.16&#8243; _module_preset=&#8220;default&#8220; custom_padding=&#8220;0px||0px||false|false&#8220; global_colors_info=&#8220;{}&#8220;][et_pb_row _builder_version=&#8220;4.16&#8243; _module_preset=&#8220;default&#8220; position_origin_a=&#8220;top_center&#8220; custom_margin=&#8220;||||false|false&#8220; custom_margin_tablet=&#8220;&#8220; custom_margin_phone=&#8220;&#8220; custom_margin_last_edited=&#8220;on|desktop&#8220; custom_padding=&#8220;0px||0px||false|false&#8220; global_colors_info=&#8220;{}&#8220;][et_pb_column type=&#8220;4_4&#8243; _builder_version=&#8220;4.16&#8243; _module_preset=&#8220;default&#8220; global_colors_info=&#8220;{}&#8220;][et_pb_text _builder_version=&#8220;4.16&#8243; _module_preset=&#8220;default&#8220; text_font=&#8220;||||||||&#8220; text_text_color=&#8220;#FFFFFF&#8220; header_2_font=&#8220;helveticaNeueBold|||on|||||&#8220; header_3_font=&#8220;HelveticaNeue|800|||||||&#8220; header_3_text_color=&#8220;#FFFFFF&#8220; background_enable_color=&#8220;off&#8220; positioning=&#8220;absolute&#8220; position_origin_a=&#8220;top_center&#8220; vertical_offset=&#8220;-22vw&#8220; vertical_offset_tablet=&#8220;-48vw&#8220; vertical_offset_phone=&#8220;-54vw&#8220; vertical_offset_last_edited=&#8220;on|phone&#8220; position_origin_a_tablet=&#8220;&#8220; position_origin_a_phone=&#8220;&#8220; position_origin_a_last_edited=&#8220;on|tablet&#8220; position_origin_f_tablet=&#8220;&#8220; position_origin_f_phone=&#8220;&#8220; position_origin_f_last_edited=&#8220;on|tablet&#8220; position_origin_r_tablet=&#8220;&#8220; position_origin_r_phone=&#8220;&#8220; position_origin_r_last_edited=&#8220;on|tablet&#8220; text_orientation=&#8220;center&#8220; width=&#8220;100%&#8220; custom_margin=&#8220;||1px||false|false&#8220; custom_padding=&#8220;5px||5px||true|false&#8220; animation_style=&#8220;slide&#8220; animation_direction=&#8220;top&#8220; animation_duration=&#8220;500ms&#8220; header_2_font_size_phone=&#8220;32px&#8220; header_2_line_height_tablet=&#8220;&#8220; header_2_line_height_phone=&#8220;&#8220; header_2_line_height_last_edited=&#8220;on|phone&#8220; positioning_tablet=&#8220;&#8220; positioning_phone=&#8220;&#8220; positioning_last_edited=&#8220;on|tablet&#8220; global_colors_info=&#8220;{}&#8220;]<\/p>\n<h2>WEINTOURISMUS<\/h2>\n<p>[\/et_pb_text][et_pb_image src=&#8220;https:\/\/famillerouvinez.com\/wp-content\/uploads\/2021\/08\/arrowDown.png&#8220; title_text=&#8220;arrowDown&#8220; url=&#8220;#histoire&#8220; align=&#8220;center&#8220; disabled_on=&#8220;on|on|off&#8220; admin_label=&#8220;fl\u00e8che desktop&#8220; module_id=&#8220;arrowdown&#8220; _builder_version=&#8220;4.16&#8243; _module_preset=&#8220;default&#8220; positioning=&#8220;absolute&#8220; vertical_offset=&#8220;-4vw&#8220; width=&#8220;100%&#8220; global_colors_info=&#8220;{}&#8220;][\/et_pb_image][\/et_pb_column][\/et_pb_row][\/et_pb_section][et_pb_section fb_built=&#8220;1&#8243; disabled_on=&#8220;on|on|off&#8220; module_id=&#8220;weintourismus&#8220; _builder_version=&#8220;4.16&#8243; _module_preset=&#8220;default&#8220; custom_padding=&#8220;0px||||false|false&#8220; global_colors_info=&#8220;{}&#8220;][et_pb_row column_structure=&#8220;1_3,2_3&#8243; use_custom_gutter=&#8220;on&#8220; custom_padding_last_edited=&#8220;on|phone&#8220; _builder_version=&#8220;4.16&#8243; _module_preset=&#8220;default&#8220; background_enable_image=&#8220;off&#8220; background_size=&#8220;initial&#8220; background_position=&#8220;top_left&#8220; width_tablet=&#8220;&#8220; width_phone=&#8220;100%&#8220; width_last_edited=&#8220;on|phone&#8220; max_width=&#8220;1500px&#8220; custom_margin=&#8220;6px|auto||auto||&#8220; custom_padding=&#8220;||0px||false|false&#8220; custom_padding_tablet=&#8220;&#8220; custom_padding_phone=&#8220;|30px||30px|false|false&#8220; global_colors_info=&#8220;{}&#8220;][et_pb_column type=&#8220;1_3&#8243; _builder_version=&#8220;4.16&#8243; _module_preset=&#8220;default&#8220; global_colors_info=&#8220;{}&#8220;][\/et_pb_column][et_pb_column type=&#8220;2_3&#8243; _builder_version=&#8220;4.16&#8243; _module_preset=&#8220;default&#8220; background_image=&#8220;https:\/\/famillerouvinez.com\/wp-content\/uploads\/2021\/09\/background-titre-V2.jpg&#8220; global_colors_info=&#8220;{}&#8220;][et_pb_text _builder_version=&#8220;4.16&#8243; _module_preset=&#8220;default&#8220; header_2_font=&#8220;HelveticaNeue|||on|||||&#8220; header_3_font=&#8220;helveticaNeue|800|||||||&#8220; header_3_text_color=&#8220;#4f4f4f&#8220; header_3_font_size=&#8220;53px&#8220; header_3_letter_spacing=&#8220;7px&#8220; header_3_line_height=&#8220;1.4em&#8220; background_color=&#8220;#ffffff&#8220; custom_margin=&#8220;||-10px|-1.8%|false|false&#8220; custom_margin_tablet=&#8220;&#8220; custom_margin_phone=&#8220;||||false|false&#8220; custom_margin_last_edited=&#8220;on|phone&#8220; custom_padding=&#8220;||||false|false&#8220; mix_blend_mode=&#8220;screen&#8220; hover_enabled=&#8220;0&#8243; header_3_font_size_tablet=&#8220;42px&#8220; header_3_font_size_phone=&#8220;36px&#8220; header_3_font_size_last_edited=&#8220;on|phone&#8220; global_colors_info=&#8220;{}&#8220; sticky_enabled=&#8220;0&#8243;]<\/p>\n<h3>EMOTIONEN &amp; TEILHABE<\/h3>\n<p>[\/et_pb_text][\/et_pb_column][\/et_pb_row][et_pb_row column_structure=&#8220;1_3,2_3&#8243; use_custom_gutter=&#8220;on&#8220; custom_padding_last_edited=&#8220;on|phone&#8220; _builder_version=&#8220;4.16&#8243; _module_preset=&#8220;default&#8220; background_enable_image=&#8220;off&#8220; background_size=&#8220;initial&#8220; background_position=&#8220;top_left&#8220; width_tablet=&#8220;&#8220; width_phone=&#8220;100%&#8220; width_last_edited=&#8220;on|phone&#8220; max_width=&#8220;1500px&#8220; custom_padding=&#8220;||||false|false&#8220; custom_padding_tablet=&#8220;&#8220; custom_padding_phone=&#8220;|30px||30px|false|false&#8220; global_colors_info=&#8220;{}&#8220;][et_pb_column type=&#8220;1_3&#8243; _builder_version=&#8220;4.16&#8243; _module_preset=&#8220;default&#8220; global_colors_info=&#8220;{}&#8220;][et_pb_text _builder_version=&#8220;4.17.6&#8243; _module_preset=&#8220;default&#8220; header_4_font=&#8220;tahoma|700|||||||&#8220; header_4_text_color=&#8220;#666666&#8243; global_colors_info=&#8220;{}&#8220;]<\/p>\n<div class=\"divHistoire\">\n<div class=\"pictoHistoire\"><img loading=\"lazy\" decoding=\"async\" class=\"wp-image-626 alignnone size-full\" src=\"https:\/\/famillerouvinez.com\/wp-content\/uploads\/2021\/09\/picto-home.png\" alt=\"\" width=\"65\" height=\"84\" \/><\/div>\n<div class=\"texteHistoire\">\n<p>Les Celliers de Sion<\/p>\n<\/div>\n<\/div>\n<p>[\/et_pb_text][et_pb_text _builder_version=&#8220;4.17.6&#8243; _module_preset=&#8220;default&#8220; header_4_font=&#8220;tahoma|700|||||||&#8220; header_4_text_color=&#8220;#666666&#8243; global_colors_info=&#8220;{}&#8220;]<\/p>\n<div class=\"divHistoire\">\n<div class=\"pictoHistoire\"><img loading=\"lazy\" decoding=\"async\" class=\"wp-image-626 alignnone size-full\" src=\"https:\/\/famillerouvinez.com\/wp-content\/uploads\/2021\/09\/picto-home.png\" alt=\"\" width=\"65\" height=\"84\" \/><\/div>\n<div class=\"texteHistoire\">\n<p>La Colline de G\u00e9ronde<\/p>\n<\/div>\n<\/div>\n<p>[\/et_pb_text][et_pb_text _builder_version=&#8220;4.17.6&#8243; _module_preset=&#8220;default&#8220; header_4_font=&#8220;tahoma|700|||||||&#8220; header_4_text_color=&#8220;#666666&#8243; global_colors_info=&#8220;{}&#8220;]<\/p>\n<div class=\"divHistoire\">\n<div class=\"pictoHistoire\"><img loading=\"lazy\" decoding=\"async\" class=\"alignnone wp-image-667 size-full\" src=\"https:\/\/famillerouvinez.com\/wp-content\/uploads\/2021\/09\/picto-3person.png\" alt=\"picto 3 personnes\" width=\"60\" height=\"60\" \/><\/div>\n<div class=\"texteHistoire\">\n<p>Die Veranstaltungen<\/p>\n<\/div>\n<\/div>\n<p>[\/et_pb_text][\/et_pb_column][et_pb_column type=&#8220;2_3&#8243; _builder_version=&#8220;4.16&#8243; _module_preset=&#8220;default&#8220; background_enable_image=&#8220;off&#8220; background_size=&#8220;contain&#8220; background_position=&#8220;top_left&#8220; global_colors_info=&#8220;{}&#8220;][et_pb_text module_class=&#8220;puce&#8220; _builder_version=&#8220;4.17.6&#8243; _module_preset=&#8220;default&#8220; header_2_font=&#8220;HelveticaNeue|||on|||||&#8220; header_3_font=&#8220;helveticaNeue|900|||||||&#8220; header_3_text_color=&#8220;rgba(33,33,33,0.64)&#8220; header_3_font_size=&#8220;53px&#8220; header_3_letter_spacing=&#8220;7px&#8220; header_3_line_height=&#8220;1.4em&#8220; background_enable_color=&#8220;off&#8220; custom_margin_tablet=&#8220;&#8220; custom_margin_phone=&#8220;||||false|false&#8220; custom_margin_last_edited=&#8220;on|phone&#8220; custom_padding=&#8220;||||false|false&#8220; mix_blend_mode=&#8220;screen&#8220; hover_enabled=&#8220;0&#8243; header_3_font_size_tablet=&#8220;42px&#8220; header_3_font_size_phone=&#8220;36px&#8220; header_3_font_size_last_edited=&#8220;on|phone&#8220; global_colors_info=&#8220;{}&#8220; sticky_enabled=&#8220;0&#8243;]<\/p>\n<ul>\n<li>\n<p>Die Welt des Weins ist eine Welt der Emotionen und der Teilhabe. Seit jeher will die Familie Rouvinez ihre Leidenschaft f\u00fcr den Wein an ihre Kunden weitergeben, daher bietet sie schon immer Besichtigungen ihrer Weinkeller und Degustationen an. Mit dem Projekt des Besucherzentrums der Celliers de Sion, das Ende 2017 ins Leben gerufen wurde und f\u00fcr das sich die Familie Rouvinez stark engagiert hat, wurde eine weitere Stufe erreicht. Aus einfachen Weinproduzenten, die wir einmal waren, sind wir zu einem Schweizer Pionier in der Welt des Weintourismus geworden.<\/p>\n<p><strong>Die Celliers de Sion<\/strong><br \/>\nAls Eigent\u00fcmerin des Hauses Bonvin, das wiederum an der Kellerei Philippe Varone Vins beteiligt ist, spielte die Familie Rouvinez eine f\u00fchrende Rolle im Projekt des Besucherzentrums Les Celliers de Sion. Dieses Geb\u00e4ude mit seiner futuristischen Architektur am Fuss der Weinterrassen von Sion bietet viel Platz f\u00fcr weintouristische Aktivit\u00e4ten. Ob Sie zwei Stunden, vier Stunden oder den ganzen Tag Zeit haben, ob Sie lieber zu Fuss oder mit dem Fahrrad unterwegs sind, ob Sie erfahrene Weinliebhaber oder Neulinge sind, die Celliers de Sion bieten Ihnen verschiedenste \u00f6notouristische Aktivit\u00e4ten an, die Sie allein oder in Begleitung eines erfahrenen F\u00fchrers unternehmen k\u00f6nnen. Das Eintauchen in die fantastische Welt der Walliser Weine ist garantiert. Klicken Sie auf den folgenden Link und entdecken Sie alle M\u00f6glichkeiten, die Ihnen die Celliers de Sion bieten: <a href=\"https:\/\/celliers.ch\/de\/\">celliers.ch<\/a>.<\/p>\n<p><strong>Die Colline de G\u00e9ronde<\/strong><br \/>\nDer historische Weinkeller der Familie Rouvinez liegt in Sierre auf einem kleinen, malerischen H\u00fcgel und ist ebenfalls f\u00fcr Besichtigungen offen. In famili\u00e4rer Atmosph\u00e4re und in Begleitung eines F\u00fchrers k\u00f6nnen Sie hier die Geschichte der verschiedenen Weing\u00fcter der Familie, die Vielfalt der Walliser Terroirs und den ber\u00fchmten \u00abTunnel von G\u00e9ronde\u00bb entdecken, der den Barriquekeller des Weinguts beherbergt. Alle Besichtigungen enden mit einer Degustation der besten Weine unserer Kellerei. Eine vorg\u00e4ngige Reservierung ist unbedingt erforderlich!<\/p>\n<p><strong>Die Veranstaltungen<\/strong><br \/>\nDas ganze Jahr \u00fcber organisieren unsere verschiedenen H\u00e4user zahlreiche und vielf\u00e4ltige Veranstaltungen. Ein Gourmet-Ausflug in die Altstadt von Sitten, eine \u00f6nogastronomische Wanderung entlang der Walliser Suonen, die Tage der offenen Weinkeller im Fr\u00fchling und im Herbst,&#8230; Es fehlt nicht an Gelegenheiten, unsere besten Weine in festlicher und geselliger Atmosph\u00e4re zu entdecken. Alle Informationen zu unseren Veranstaltungen finden Sie auf den Websites unserer verschiedenen H\u00e4user.<\/p>\n<p>Viel Spass bei der Degustation!<\/p>\n<\/li>\n<\/ul>\n<p>[\/et_pb_text][\/et_pb_column][\/et_pb_row][\/et_pb_section][et_pb_section fb_built=&#8220;1&#8243; disabled_on=&#8220;off|off|on&#8220; _builder_version=&#8220;4.16&#8243; _module_preset=&#8220;default&#8220; custom_padding=&#8220;0px||||false|false&#8220; global_colors_info=&#8220;{}&#8220;][et_pb_row use_custom_gutter=&#8220;on&#8220; custom_padding_last_edited=&#8220;on|phone&#8220; _builder_version=&#8220;4.16&#8243; _module_preset=&#8220;default&#8220; background_enable_image=&#8220;off&#8220; background_size=&#8220;initial&#8220; background_position=&#8220;top_left&#8220; width_tablet=&#8220;&#8220; width_phone=&#8220;100%&#8220; width_last_edited=&#8220;on|phone&#8220; max_width=&#8220;1500px&#8220; custom_padding=&#8220;||0px||false|false&#8220; custom_padding_tablet=&#8220;&#8220; custom_padding_phone=&#8220;|30px||30px|false|false&#8220; global_colors_info=&#8220;{}&#8220;][et_pb_column type=&#8220;4_4&#8243; _builder_version=&#8220;4.16&#8243; _module_preset=&#8220;default&#8220; background_image=&#8220;https:\/\/famillerouvinez.com\/wp-content\/uploads\/2021\/09\/background-titre-V2.jpg&#8220; background_position=&#8220;center_right&#8220; global_colors_info=&#8220;{}&#8220;][et_pb_text _builder_version=&#8220;4.16&#8243; _module_preset=&#8220;default&#8220; header_2_font=&#8220;HelveticaNeue|||on|||||&#8220; header_3_font=&#8220;helveticaNeue|700|||||||&#8220; header_3_text_color=&#8220;#4f4f4f&#8220; header_3_font_size=&#8220;53px&#8220; header_3_letter_spacing=&#8220;7px&#8220; header_3_line_height=&#8220;1.4em&#8220; background_color=&#8220;#ffffff&#8220; custom_margin=&#8220;||-10px|-1.8%|false|false&#8220; custom_margin_tablet=&#8220;|||0%|false|false&#8220; custom_margin_phone=&#8220;|||-3.8%|false|false&#8220; custom_margin_last_edited=&#8220;on|phone&#8220; custom_padding=&#8220;||||false|false&#8220; mix_blend_mode=&#8220;screen&#8220; header_3_font_size_tablet=&#8220;42px&#8220; header_3_font_size_phone=&#8220;36px&#8220; header_3_font_size_last_edited=&#8220;on|phone&#8220; global_colors_info=&#8220;{}&#8220;]<\/p>\n<h3>EMOTION &amp; TEILEN<\/h3>\n<p>[\/et_pb_text][\/et_pb_column][\/et_pb_row][et_pb_row use_custom_gutter=&#8220;on&#8220; custom_padding_last_edited=&#8220;on|phone&#8220; _builder_version=&#8220;4.16&#8243; _module_preset=&#8220;default&#8220; background_enable_image=&#8220;off&#8220; background_size=&#8220;initial&#8220; background_position=&#8220;top_left&#8220; width_tablet=&#8220;&#8220; width_phone=&#8220;100%&#8220; width_last_edited=&#8220;on|phone&#8220; max_width=&#8220;1500px&#8220; custom_padding=&#8220;||||false|false&#8220; custom_padding_tablet=&#8220;&#8220; custom_padding_phone=&#8220;|30px||30px|false|false&#8220; global_colors_info=&#8220;{}&#8220;][et_pb_column type=&#8220;4_4&#8243; _builder_version=&#8220;4.16&#8243; _module_preset=&#8220;default&#8220; global_colors_info=&#8220;{}&#8220;][et_pb_text module_class=&#8220;puce&#8220; _builder_version=&#8220;4.16&#8243; _module_preset=&#8220;default&#8220; header_2_font=&#8220;HelveticaNeue|||on|||||&#8220; header_3_font=&#8220;helveticaNeue|900|||||||&#8220; header_3_text_color=&#8220;rgba(33,33,33,0.64)&#8220; header_3_font_size=&#8220;53px&#8220; header_3_letter_spacing=&#8220;7px&#8220; header_3_line_height=&#8220;1.4em&#8220; background_color=&#8220;#ffffff&#8220; custom_margin_tablet=&#8220;&#8220; custom_margin_phone=&#8220;||||false|false&#8220; custom_margin_last_edited=&#8220;on|phone&#8220; custom_padding=&#8220;|||12.5%|false|false&#8220; mix_blend_mode=&#8220;screen&#8220; header_3_font_size_tablet=&#8220;42px&#8220; header_3_font_size_phone=&#8220;36px&#8220; header_3_font_size_last_edited=&#8220;on|phone&#8220; global_colors_info=&#8220;{}&#8220;]<\/p>\n<ul>\n<li>\n<ul>\n<li>\n<p>Die Welt des Weins ist eine Welt der Emotionen und der Teilhabe. Seit jeher will die Familie Rouvinez ihre Leidenschaft f\u00fcr den Wein an ihre Kunden weitergeben, daher bietet sie schon immer Besichtigungen ihrer Weinkeller und Degustationen an. Mit dem Projekt des Besucherzentrums der Celliers de Sion, das Ende 2017 ins Leben gerufen wurde und f\u00fcr das sich die Familie Rouvinez stark engagiert hat, wurde eine weitere Stufe erreicht. Aus einfachen Weinproduzenten, die wir einmal waren, sind wir zu einem Schweizer Pionier in der Welt des Weintourismus geworden.<\/p>\n<p><strong>Die Celliers de Sion<\/strong><br \/>\nAls Eigent\u00fcmerin des Hauses Bonvin, das wiederum an der Kellerei Philippe Varone Vins beteiligt ist, spielte die Familie Rouvinez eine f\u00fchrende Rolle im Projekt des Besucherzentrums Les Celliers de Sion. Dieses Geb\u00e4ude mit seiner futuristischen Architektur am Fuss der Weinterrassen von Sion bietet viel Platz f\u00fcr weintouristische Aktivit\u00e4ten. Ob Sie zwei Stunden, vier Stunden oder den ganzen Tag Zeit haben, ob Sie lieber zu Fuss oder mit dem Fahrrad unterwegs sind, ob Sie erfahrene Weinliebhaber oder Neulinge sind, die Celliers de Sion bieten Ihnen verschiedenste \u00f6notouristische Aktivit\u00e4ten an, die Sie allein oder in Begleitung eines erfahrenen F\u00fchrers unternehmen k\u00f6nnen. Das Eintauchen in die fantastische Welt der Walliser Weine ist garantiert. Klicken Sie auf den folgenden Link und entdecken Sie alle M\u00f6glichkeiten, die Ihnen die Celliers de Sion bieten: <a href=\"https:\/\/celliers.ch\/de\/\">celliers.ch<\/a>.<\/p>\n<p><strong>Die Colline de G\u00e9ronde<\/strong><br \/>\nDer historische Weinkeller der Familie Rouvinez liegt in Sierre auf einem kleinen, malerischen H\u00fcgel und ist ebenfalls f\u00fcr Besichtigungen offen. In famili\u00e4rer Atmosph\u00e4re und in Begleitung eines F\u00fchrers k\u00f6nnen Sie hier die Geschichte der verschiedenen Weing\u00fcter der Familie, die Vielfalt der Walliser Terroirs und den ber\u00fchmten \u00abTunnel von G\u00e9ronde\u00bb entdecken, der den Barriquekeller des Weinguts beherbergt. Alle Besichtigungen enden mit einer Degustation der besten Weine unserer Kellerei. Eine vorg\u00e4ngige Reservierung ist unbedingt erforderlich!<\/p>\n<p><strong>Die Veranstaltungen<\/strong><br \/>\nDas ganze Jahr \u00fcber organisieren unsere verschiedenen H\u00e4user zahlreiche und vielf\u00e4ltige Veranstaltungen. Ein Gourmet-Ausflug in die Altstadt von Sitten, eine \u00f6nogastronomische Wanderung entlang der Walliser Suonen, die Tage der offenen Weinkeller im Fr\u00fchling und im Herbst,&#8230; Es fehlt nicht an Gelegenheiten, unsere besten Weine in festlicher und geselliger Atmosph\u00e4re zu entdecken. Alle Informationen zu unseren Veranstaltungen finden Sie auf den Websites unserer verschiedenen H\u00e4user.<\/p>\n<p>Viel Spass bei der Degustation!<\/p>\n<\/li>\n<\/ul>\n<\/li>\n<\/ul>\n<p>[\/et_pb_text][et_pb_text _builder_version=&#8220;4.17.6&#8243; _module_preset=&#8220;default&#8220; header_4_font=&#8220;tahoma|700|||||||&#8220; global_colors_info=&#8220;{}&#8220;]<\/p>\n<div class=\"divHistoire\">\n<div class=\"pictoHistoire\"><img loading=\"lazy\" decoding=\"async\" class=\"wp-image-626 alignnone size-full\" src=\"https:\/\/famillerouvinez.com\/wp-content\/uploads\/2021\/09\/picto-home.png\" alt=\"\" width=\"65\" height=\"84\" \/><\/div>\n<div class=\"texteHistoire\">\n<h4><span style=\"font-size: 18px; color: #212529; font-weight: 400;\">Les Celliers de Sion<\/span><\/h4>\n<\/div>\n<\/div>\n<p>[\/et_pb_text][et_pb_text _builder_version=&#8220;4.17.6&#8243; _module_preset=&#8220;default&#8220; header_4_font=&#8220;tahoma|700|||||||&#8220; global_colors_info=&#8220;{}&#8220;]<\/p>\n<div class=\"divHistoire\">\n<div class=\"pictoHistoire\"><img loading=\"lazy\" decoding=\"async\" class=\"wp-image-626 alignnone size-full\" src=\"https:\/\/famillerouvinez.com\/wp-content\/uploads\/2021\/09\/picto-home.png\" alt=\"\" width=\"65\" height=\"84\" \/><\/div>\n<div class=\"texteHistoire\">\n<p>La Colline de G\u00e9ronde<\/p>\n<\/div>\n<\/div>\n<p>[\/et_pb_text][et_pb_text _builder_version=&#8220;4.17.6&#8243; _module_preset=&#8220;default&#8220; header_4_font=&#8220;tahoma|700|||||||&#8220; global_colors_info=&#8220;{}&#8220;]<\/p>\n<div class=\"divHistoire\">\n<div class=\"pictoHistoire\"><img loading=\"lazy\" decoding=\"async\" class=\"wp-image-626 alignnone size-full\" src=\"https:\/\/famillerouvinez.com\/wp-content\/uploads\/2021\/09\/picto-3person.png\" alt=\"\" width=\"65\" height=\"84\" \/><\/div>\n<div class=\"texteHistoire\">\n<p>Die Veranstaltungen<\/p>\n<\/div>\n<\/div>\n<p>[\/et_pb_text][\/et_pb_column][\/et_pb_row][\/et_pb_section]<\/p>\n","protected":false},"excerpt":{"rendered":"<p>WEINTOURISMUSEMOTIONEN &amp; TEILHABE Les Celliers de Sion La Colline de G\u00e9ronde Die Veranstaltungen Die Welt des Weins ist eine Welt der Emotionen und der Teilhabe. Seit jeher will die Familie Rouvinez ihre Leidenschaft f\u00fcr den Wein an ihre Kunden weitergeben, daher bietet sie schon immer Besichtigungen ihrer Weinkeller und Degustationen an. Mit dem Projekt des [&hellip;]<\/p>\n","protected":false},"author":3,"featured_media":0,"parent":0,"menu_order":0,"comment_status":"closed","ping_status":"closed","template":"","meta":{"_et_pb_use_builder":"on","_et_pb_old_content":"","_et_gb_content_width":"","inline_featured_image":false,"_monsterinsights_skip_tracking":false,"_monsterinsights_sitenote_active":false,"_monsterinsights_sitenote_note":"","_monsterinsights_sitenote_category":0,"_uf_show_specific_survey":0,"_uf_disable_surveys":false,"footnotes":""},"class_list":["post-6156","page","type-page","status-publish","hentry"],"yoast_head":"<!-- This site is optimized with the Yoast SEO plugin v27.3 - https:\/\/yoast.com\/product\/yoast-seo-wordpress\/ -->\n<title>Weintourismus - Famille Rouvinez<\/title>\n<meta name=\"description\" content=\"En presque 60 ans et trois g\u00e9n\u00e9rations, la Famille Rouvinez est devenue le plus grand propri\u00e9taire de vignobles en Valais.\" \/>\n<meta name=\"robots\" content=\"index, follow, max-snippet:-1, max-image-preview:large, max-video-preview:-1\" \/>\n<link rel=\"canonical\" href=\"https:\/\/famillerouvinez.com\/de\/weintourismus\/\" \/>\n<meta property=\"og:locale\" content=\"de_DE\" \/>\n<meta property=\"og:type\" content=\"article\" \/>\n<meta property=\"og:title\" content=\"Weintourismus - Famille Rouvinez\" \/>\n<meta property=\"og:description\" content=\"En presque 60 ans et trois g\u00e9n\u00e9rations, la Famille Rouvinez est devenue le plus grand propri\u00e9taire de vignobles en Valais.\" \/>\n<meta property=\"og:url\" content=\"https:\/\/famillerouvinez.com\/de\/weintourismus\/\" \/>\n<meta property=\"og:site_name\" content=\"Famille Rouvinez\" \/>\n<meta property=\"article:publisher\" content=\"https:\/\/www.facebook.com\/LaFamilleRouvinez\" \/>\n<meta property=\"article:modified_time\" content=\"2022-08-11T10:24:05+00:00\" \/>\n<meta property=\"og:image\" content=\"https:\/\/famillerouvinez.com\/wp-content\/uploads\/2021\/09\/picto-home.png\" \/>\n<meta name=\"twitter:card\" content=\"summary_large_image\" \/>\n<meta name=\"twitter:label1\" content=\"Gesch\u00e4tzte Lesezeit\" \/>\n\t<meta name=\"twitter:data1\" content=\"11\u00a0Minuten\" \/>\n<script type=\"application\/ld+json\" class=\"yoast-schema-graph\">{\"@context\":\"https:\\\/\\\/schema.org\",\"@graph\":[{\"@type\":\"WebPage\",\"@id\":\"https:\\\/\\\/famillerouvinez.com\\\/de\\\/weintourismus\\\/\",\"url\":\"https:\\\/\\\/famillerouvinez.com\\\/de\\\/weintourismus\\\/\",\"name\":\"Weintourismus - Famille Rouvinez\",\"isPartOf\":{\"@id\":\"https:\\\/\\\/famillerouvinez.com\\\/de\\\/#website\"},\"primaryImageOfPage\":{\"@id\":\"https:\\\/\\\/famillerouvinez.com\\\/de\\\/weintourismus\\\/#primaryimage\"},\"image\":{\"@id\":\"https:\\\/\\\/famillerouvinez.com\\\/de\\\/weintourismus\\\/#primaryimage\"},\"thumbnailUrl\":\"https:\\\/\\\/famillerouvinez.com\\\/wp-content\\\/uploads\\\/2021\\\/09\\\/picto-home.png\",\"datePublished\":\"2022-08-04T15:25:41+00:00\",\"dateModified\":\"2022-08-11T10:24:05+00:00\",\"description\":\"En presque 60 ans et trois g\u00e9n\u00e9rations, la Famille Rouvinez est devenue le plus grand propri\u00e9taire de vignobles en Valais.\",\"breadcrumb\":{\"@id\":\"https:\\\/\\\/famillerouvinez.com\\\/de\\\/weintourismus\\\/#breadcrumb\"},\"inLanguage\":\"de\",\"potentialAction\":[{\"@type\":\"ReadAction\",\"target\":[\"https:\\\/\\\/famillerouvinez.com\\\/de\\\/weintourismus\\\/\"]}]},{\"@type\":\"ImageObject\",\"inLanguage\":\"de\",\"@id\":\"https:\\\/\\\/famillerouvinez.com\\\/de\\\/weintourismus\\\/#primaryimage\",\"url\":\"https:\\\/\\\/famillerouvinez.com\\\/wp-content\\\/uploads\\\/2021\\\/09\\\/picto-home.png\",\"contentUrl\":\"https:\\\/\\\/famillerouvinez.com\\\/wp-content\\\/uploads\\\/2021\\\/09\\\/picto-home.png\"},{\"@type\":\"BreadcrumbList\",\"@id\":\"https:\\\/\\\/famillerouvinez.com\\\/de\\\/weintourismus\\\/#breadcrumb\",\"itemListElement\":[{\"@type\":\"ListItem\",\"position\":1,\"name\":\"Accueil\",\"item\":\"https:\\\/\\\/famillerouvinez.com\\\/de\\\/\"},{\"@type\":\"ListItem\",\"position\":2,\"name\":\"Weintourismus\"}]},{\"@type\":\"WebSite\",\"@id\":\"https:\\\/\\\/famillerouvinez.com\\\/de\\\/#website\",\"url\":\"https:\\\/\\\/famillerouvinez.com\\\/de\\\/\",\"name\":\"Famille Rouvinez\",\"description\":\"Maisons et vignobles valaisans d&#039;exception\",\"publisher\":{\"@id\":\"https:\\\/\\\/famillerouvinez.com\\\/de\\\/#organization\"},\"potentialAction\":[{\"@type\":\"SearchAction\",\"target\":{\"@type\":\"EntryPoint\",\"urlTemplate\":\"https:\\\/\\\/famillerouvinez.com\\\/de\\\/?s={search_term_string}\"},\"query-input\":{\"@type\":\"PropertyValueSpecification\",\"valueRequired\":true,\"valueName\":\"search_term_string\"}}],\"inLanguage\":\"de\"},{\"@type\":\"Organization\",\"@id\":\"https:\\\/\\\/famillerouvinez.com\\\/de\\\/#organization\",\"name\":\"Famille Rouvinez\",\"url\":\"https:\\\/\\\/famillerouvinez.com\\\/de\\\/\",\"logo\":{\"@type\":\"ImageObject\",\"inLanguage\":\"de\",\"@id\":\"https:\\\/\\\/famillerouvinez.com\\\/de\\\/#\\\/schema\\\/logo\\\/image\\\/\",\"url\":\"https:\\\/\\\/famillerouvinez.com\\\/wp-content\\\/uploads\\\/2021\\\/07\\\/famille-rouvinez-logo.svg\",\"contentUrl\":\"https:\\\/\\\/famillerouvinez.com\\\/wp-content\\\/uploads\\\/2021\\\/07\\\/famille-rouvinez-logo.svg\",\"width\":300,\"height\":100,\"caption\":\"Famille Rouvinez\"},\"image\":{\"@id\":\"https:\\\/\\\/famillerouvinez.com\\\/de\\\/#\\\/schema\\\/logo\\\/image\\\/\"},\"sameAs\":[\"https:\\\/\\\/www.facebook.com\\\/LaFamilleRouvinez\",\"https:\\\/\\\/www.instagram.com\\\/famille.rouvinez\\\/\",\"https:\\\/\\\/www.linkedin.com\\\/company\\\/famille-rouvinez\"]}]}<\/script>\n<!-- \/ Yoast SEO plugin. -->","yoast_head_json":{"title":"Weintourismus - Famille Rouvinez","description":"En presque 60 ans et trois g\u00e9n\u00e9rations, la Famille Rouvinez est devenue le plus grand propri\u00e9taire de vignobles en Valais.","robots":{"index":"index","follow":"follow","max-snippet":"max-snippet:-1","max-image-preview":"max-image-preview:large","max-video-preview":"max-video-preview:-1"},"canonical":"https:\/\/famillerouvinez.com\/de\/weintourismus\/","og_locale":"de_DE","og_type":"article","og_title":"Weintourismus - Famille Rouvinez","og_description":"En presque 60 ans et trois g\u00e9n\u00e9rations, la Famille Rouvinez est devenue le plus grand propri\u00e9taire de vignobles en Valais.","og_url":"https:\/\/famillerouvinez.com\/de\/weintourismus\/","og_site_name":"Famille Rouvinez","article_publisher":"https:\/\/www.facebook.com\/LaFamilleRouvinez","article_modified_time":"2022-08-11T10:24:05+00:00","og_image":[{"url":"https:\/\/famillerouvinez.com\/wp-content\/uploads\/2021\/09\/picto-home.png","type":"","width":"","height":""}],"twitter_card":"summary_large_image","twitter_misc":{"Gesch\u00e4tzte Lesezeit":"11\u00a0Minuten"},"schema":{"@context":"https:\/\/schema.org","@graph":[{"@type":"WebPage","@id":"https:\/\/famillerouvinez.com\/de\/weintourismus\/","url":"https:\/\/famillerouvinez.com\/de\/weintourismus\/","name":"Weintourismus - Famille Rouvinez","isPartOf":{"@id":"https:\/\/famillerouvinez.com\/de\/#website"},"primaryImageOfPage":{"@id":"https:\/\/famillerouvinez.com\/de\/weintourismus\/#primaryimage"},"image":{"@id":"https:\/\/famillerouvinez.com\/de\/weintourismus\/#primaryimage"},"thumbnailUrl":"https:\/\/famillerouvinez.com\/wp-content\/uploads\/2021\/09\/picto-home.png","datePublished":"2022-08-04T15:25:41+00:00","dateModified":"2022-08-11T10:24:05+00:00","description":"En presque 60 ans et trois g\u00e9n\u00e9rations, la Famille Rouvinez est devenue le plus grand propri\u00e9taire de vignobles en Valais.","breadcrumb":{"@id":"https:\/\/famillerouvinez.com\/de\/weintourismus\/#breadcrumb"},"inLanguage":"de","potentialAction":[{"@type":"ReadAction","target":["https:\/\/famillerouvinez.com\/de\/weintourismus\/"]}]},{"@type":"ImageObject","inLanguage":"de","@id":"https:\/\/famillerouvinez.com\/de\/weintourismus\/#primaryimage","url":"https:\/\/famillerouvinez.com\/wp-content\/uploads\/2021\/09\/picto-home.png","contentUrl":"https:\/\/famillerouvinez.com\/wp-content\/uploads\/2021\/09\/picto-home.png"},{"@type":"BreadcrumbList","@id":"https:\/\/famillerouvinez.com\/de\/weintourismus\/#breadcrumb","itemListElement":[{"@type":"ListItem","position":1,"name":"Accueil","item":"https:\/\/famillerouvinez.com\/de\/"},{"@type":"ListItem","position":2,"name":"Weintourismus"}]},{"@type":"WebSite","@id":"https:\/\/famillerouvinez.com\/de\/#website","url":"https:\/\/famillerouvinez.com\/de\/","name":"Famille Rouvinez","description":"Maisons et vignobles valaisans d&#039;exception","publisher":{"@id":"https:\/\/famillerouvinez.com\/de\/#organization"},"potentialAction":[{"@type":"SearchAction","target":{"@type":"EntryPoint","urlTemplate":"https:\/\/famillerouvinez.com\/de\/?s={search_term_string}"},"query-input":{"@type":"PropertyValueSpecification","valueRequired":true,"valueName":"search_term_string"}}],"inLanguage":"de"},{"@type":"Organization","@id":"https:\/\/famillerouvinez.com\/de\/#organization","name":"Famille Rouvinez","url":"https:\/\/famillerouvinez.com\/de\/","logo":{"@type":"ImageObject","inLanguage":"de","@id":"https:\/\/famillerouvinez.com\/de\/#\/schema\/logo\/image\/","url":"https:\/\/famillerouvinez.com\/wp-content\/uploads\/2021\/07\/famille-rouvinez-logo.svg","contentUrl":"https:\/\/famillerouvinez.com\/wp-content\/uploads\/2021\/07\/famille-rouvinez-logo.svg","width":300,"height":100,"caption":"Famille Rouvinez"},"image":{"@id":"https:\/\/famillerouvinez.com\/de\/#\/schema\/logo\/image\/"},"sameAs":["https:\/\/www.facebook.com\/LaFamilleRouvinez","https:\/\/www.instagram.com\/famille.rouvinez\/","https:\/\/www.linkedin.com\/company\/famille-rouvinez"]}]}},"_links":{"self":[{"href":"https:\/\/famillerouvinez.com\/de\/wp-json\/wp\/v2\/pages\/6156","targetHints":{"allow":["GET"]}}],"collection":[{"href":"https:\/\/famillerouvinez.com\/de\/wp-json\/wp\/v2\/pages"}],"about":[{"href":"https:\/\/famillerouvinez.com\/de\/wp-json\/wp\/v2\/types\/page"}],"author":[{"embeddable":true,"href":"https:\/\/famillerouvinez.com\/de\/wp-json\/wp\/v2\/users\/3"}],"replies":[{"embeddable":true,"href":"https:\/\/famillerouvinez.com\/de\/wp-json\/wp\/v2\/comments?post=6156"}],"version-history":[{"count":5,"href":"https:\/\/famillerouvinez.com\/de\/wp-json\/wp\/v2\/pages\/6156\/revisions"}],"predecessor-version":[{"id":6190,"href":"https:\/\/famillerouvinez.com\/de\/wp-json\/wp\/v2\/pages\/6156\/revisions\/6190"}],"wp:attachment":[{"href":"https:\/\/famillerouvinez.com\/de\/wp-json\/wp\/v2\/media?parent=6156"}],"curies":[{"name":"wp","href":"https:\/\/api.w.org\/{rel}","templated":true}]}}